{"id":3752,"date":"2019-03-24T13:49:17","date_gmt":"2019-03-24T12:49:17","guid":{"rendered":"https:\/\/www.k2000.com\/?page_id=3752"},"modified":"2022-06-19T16:54:35","modified_gmt":"2022-06-19T14:54:35","slug":"politica-de-privacidad","status":"publish","type":"page","link":"https:\/\/www.k2000.com\/eu\/politica-de-privacidad\/","title":{"rendered":"Pribatutasun-politika"},"content":{"rendered":"\r\n<h5 class=\"p1\"><span class=\"s1\"><b>1.1. Responsable del tratamiento<\/b><\/span><\/h5>\r\n<p class=\"p2\"><span class=\"s1\">K 2000, S.A.U. (en adelante &#8220;<b>K 2000<\/b>&#8221; o el &#8220;<b>Responsable del tratamiento<\/b>&#8221; o el \u201c<b>Responsable<\/b>\u201d), con domicilio social en Barrio De Errekalde, S\/N, Galdakao, 48960, Bizkaia y provista de NIF A48175681. <\/span><\/p>\r\n<h5 class=\"p1\"><span class=\"s1\"><b>2.2. Finalidades para la que trataremos los datos, bases que legitiman el tratamiento, categor\u00eda de datos y periodo de conservaci\u00f3n<\/b><\/span><\/h5>\r\n<p class=\"p2\"><span class=\"s1\">\u2022 Tratamiento de datos relacionados con la gesti\u00f3n del Sitio Web:<\/span><\/p>\r\n<p class=\"p2\"><span class=\"s2\"><b>Finalidades del tratamiento<\/b><\/span><\/p>\r\n<p class=\"p2\"><span class=\"s1\">El simple hecho de visitar el Sitio Web y navegar por sus distintas secciones no requiere que facilites ning\u00fan dato personal o que te registres como Usuario. No obstante, determinados servicios pueden requerir que los Usuarios se registren proporcionando ciertos datos personales. Asimismo, te recordamos que se podr\u00e1n instalar cookies en tu dispositivo de acceso de acuerdo con lo dispuesto en nuestra Pol\u00edtica de Cookies. <\/span><\/p>\r\n<p class=\"p2\"><span class=\"s1\">Las finalidades del tratamiento de los datos personales es tramitar las consultas y solicitudes que nos hagas llegar a trav\u00e9s del n\u00famero de tel\u00e9fono y el correo electr\u00f3nico habilitados en el Sitio Web. <\/span><\/p>\r\n<p class=\"p2\"><span class=\"s2\"><b>Categor\u00eda de datos tratados<\/b><\/span><\/p>\r\n<p class=\"p2\"><span class=\"s1\">La simple navegaci\u00f3n por el Sitio Web no implica la recogida de datos personales, a excepci\u00f3n de lo se\u00f1alado en nuestra Pol\u00edtica de Cookies. En caso de que nos contactes telef\u00f3nicamente o a trav\u00e9s de correo electr\u00f3nico, trataremos tu voz, datos identificativos, de contacto y aquellos otros que nos proporciones. <\/span><\/p>\r\n<p class=\"p2\"><span class=\"s2\"><b>Base leg\u00edtima del tratamiento<\/b><\/span><\/p>\r\n<p class=\"p2\"><span class=\"s1\">Las bases que legitiman el tratamiento de tus datos que nos proporciones cuando nos contactes telef\u00f3nicamente o a trav\u00e9s de correo electr\u00f3nico, es la ejecuci\u00f3n de un contrato en el que el interesado es parte o para la aplicaci\u00f3n a petici\u00f3n de este de medidas precontractuales. <\/span><\/p>\r\n<p class=\"p2\"><span class=\"s2\"><b>Plazos de conservaci\u00f3n<\/b><\/span><\/p>\r\n<p class=\"p2\"><span class=\"s1\">Con car\u00e1cter general, K 2000 conservar\u00e1 los datos personales de los Usuarios durante el periodo necesario para cumplir los fines descritos en esta Pol\u00edtica de Privacidad. Los datos facilitados por los Usuarios ser\u00e1n conservados por K 2000 mientras sean necesarios para tramitar la petici\u00f3n efectuada, m\u00e1s un periodo adicional de 6 a\u00f1os a efectos de atender las posibles responsabilidades nacidas del tratamiento. <\/span><\/p>\r\n<p class=\"p2\"><span class=\"s1\">Conservaremos datos anonimizados durante plazos superiores a efectos de realizar audiometr\u00edas y an\u00e1lisis necesarios para mejorar nuestros servicios.<\/span><\/p>\r\n<p class=\"p2\"><span class=\"s1\">\u2022 Ejecuci\u00f3n de la relaci\u00f3n contractual con clientes, proveedores, colaboradores y cualesquiera terceros:<\/span><\/p>\r\n<p class=\"p2\"><span class=\"s2\"><b>Finalidades del tratamiento<\/b><\/span><\/p>\r\n<p class=\"p2\"><span class=\"s1\">Los datos personales relativos a los legales representantes, as\u00ed como los de terceras personas que se pudieran designar, como interlocutores, por parte de las personas jur\u00eddicas o profesionales con los que K 2000 mantenga una relaci\u00f3n contractual, ser\u00e1n tratados por K 2000 para llevar a cabo la gesti\u00f3n, desarrollo, cumplimiento y control de la relaci\u00f3n contractual y la facturaci\u00f3n de los servicios correspondientes. Igualmente, K 2000 podr\u00e1 tratar dichos datos y los de terceros designados para la prestaci\u00f3n y desarrollo de los servicios contratados para el control y supervisi\u00f3n del cumplimiento de la normativa aplicable y su C\u00f3digo de Conducta disponible en el siguiente enlace <\/span><span class=\"s3\">https:\/\/ethics.mediapro.tv\/<\/span><span class=\"s4\">.<\/span><span class=\"s1\"> Asimismo, K 2000 podr\u00e1 tratar los datos personales con fines de contacto profesional y para enviarle felicitaciones.<\/span><\/p>\r\n<p class=\"p2\"><span class=\"s2\"><b>Categor\u00eda de datos tratados <\/b><\/span><\/p>\r\n<p class=\"p2\"><span class=\"s1\">K 2000 con car\u00e1cter general tratar\u00e1 fundamentalmente datos identificativos y de contacto (nombre apellidos, e-mail y tel\u00e9fono) y en su caso, los relativos a la funci\u00f3n o puesto desempe\u00f1ado. No obstante, podr\u00e1 tratar aquellos otros que fueran necesarios para la ejecuci\u00f3n de la relaci\u00f3n contractual.<\/span><\/p>\r\n<p class=\"p2\"><span class=\"s2\"><b>Base legitimadora <\/b><\/span><\/p>\r\n<p class=\"p2\"><span class=\"s1\">La base jur\u00eddica que legitima este tratamiento es la ejecuci\u00f3n del contrato y el inter\u00e9s leg\u00edtimo de K 2000 para el contacto profesional.<\/span><\/p>\r\n<p class=\"p2\"><span class=\"s2\"><b>Plazos de conservaci\u00f3n <\/b><\/span><\/p>\r\n<p class=\"p2\"><span class=\"s1\">Los datos personales ser\u00e1n conservados durante la vigencia del contrato y mientras puedan derivarse responsabilidades de la ejecuci\u00f3n del contrato.<\/span><\/p>\r\n<h5 class=\"p1\"><span class=\"s1\"><b>3.3. Datos aportados por terceros<\/b><\/span><\/h5>\r\n<p class=\"p2\"><span class=\"s1\">Desde K 2000 solicitamos a los Usuarios que eviten comunicar a trav\u00e9s de cualquier sistema, aplicaci\u00f3n, medio o formato, datos personales de terceros. No obstante, si para la gesti\u00f3n o desarrollo de un contrato, la persona jur\u00eddica o, en su caso, el profesional con el que K 2000 mantenga una relaci\u00f3n contractual comunica a \u00e9sta los datos de una o varias personas como interlocutor en los t\u00e9rminos expuestos en la cl\u00e1usula 6.2 \u201cEjecuci\u00f3n de la relaci\u00f3n contractual con clientes, proveedores, colaboradores y cualesquiera terceros\u201d, dicha persona jur\u00eddica o profesional deber\u00e1 cumplir previamente con las obligaciones de informaci\u00f3n y obtenci\u00f3n del consentimiento o contar con otras otra base jur\u00eddica que legitime dicha comunicaci\u00f3n.<\/span><\/p>\r\n<p class=\"p2\"><span class=\"s1\">El Usuario que incumpla las anteriores disposiciones, especialmente respecto a datos de menores, podr\u00eda incurrir en responsabilidad frente a ese tercero y frente a K 2000. Para m\u00e1s informaci\u00f3n, por favor consulta las Condiciones de Uso del Sitio Web.<\/span><\/p>\r\n<h5 class=\"p1\"><span class=\"s1\"><b>4.4. Destinatarios de los datos<\/b><\/span><\/h5>\r\n<p class=\"p2\"><span class=\"s1\">K 2000 cuenta con distintos proveedores de servicios que podr\u00edan acceder a tus datos personales con la finalidad de cumplir sus obligaciones contractuales con K 2000. Nuestros principales proveedores de servicios son compa\u00f1\u00edas que forman parte del Grupo MEDIAPRO (puedes consultar el listado entidades que forman parte de nuestro Grupo en <\/span><span class=\"s3\">https:\/\/entidades.grupmediapro.tv\/<\/span><span class=\"s1\"> y <\/span><span class=\"s3\">www.mediapro.tv)<\/span><span class=\"s1\"> que podr\u00e1n tratar los datos, adem\u00e1s, para la gesti\u00f3n administrativa interna del Grupo sobre la base del inter\u00e9s leg\u00edtimo.<\/span><\/p>\r\n<p class=\"p2\"><span class=\"s1\">Los datos personales de los Usuarios tambi\u00e9n podr\u00e1n ser comunicados, en virtud de una previsi\u00f3n legal, a Autoridades Tributarias, Autoridades de Control en materia de Protecci\u00f3n de Datos (p.ej.: la Agencia Espa\u00f1ola de Protecci\u00f3n de Datos) y\/o las Fuerzas y Cuerpos de Seguridad del Estado, Jueces y Tribunales si as\u00ed fuese requerido o fuera necesario.<\/span><\/p>\r\n<h5 class=\"p1\"><span class=\"s1\"><b>5.5. Derechos de los interesados. Revocaci\u00f3n del consentimiento. Delegado de Protecci\u00f3n de Datos<\/b><\/span><\/h5>\r\n<p class=\"p2\"><span class=\"s1\">Los Usuarios tienen los siguientes derechos en relaci\u00f3n con sus datos personales:<\/span><\/p>\r\n<div style=\"padding-left: 30px;\">\r\n<p class=\"p2\"><span class=\"s1\">(i) <\/span><span class=\"s2\">derecho de acceso a los datos personales<\/span><span class=\"s1\"> o derecho a dirigirse al responsable del tratamiento para saber si est\u00e1 tratando o no sus datos personales y, en caso de que lo est\u00e9 haciendo, el derecho a obtener, entre otros datos, la siguiente informaci\u00f3n: (i) una copia de los datos personales que son objeto del tratamiento; (ii) los fines del tratamiento; (iii) las categor\u00edas de datos personales que se tratan; (iv) los destinatarios o las categor\u00edas de destinatarios a los que se comunicaron o ser\u00e1n comunicados los datos personales, \u2014en particular, los destinatarios en pa\u00edses terceros u organizaciones internacionales\u2014; el plazo previsto de conservaci\u00f3n de los datos personales, o si ello no es posible, los criterios utilizados para determinar este plazo.<\/span><\/p>\r\n<p class=\"p2\"><span class=\"s1\">(ii) <\/span><span class=\"s2\">derecho a que se rectifiquen los datos personales del Usuario o a que se completen cuando el responsable del tratamiento los tenga inexactos o no completos<\/span><span class=\"s1\"> (para lo que el Usuario deber\u00e1 indicar a qu\u00e9 datos se refiere y la correcci\u00f3n que hay que realizar, adem\u00e1s de aportar con su petici\u00f3n la documentaci\u00f3n justificativa, cuando ello sea necesario).<\/span><\/p>\r\n<p class=\"p2\"><span class=\"s1\">(iii) <\/span><span class=\"s2\">derecho a oponerse, en determinadas circunstancias, a que el responsable del tratamiento realice un tratamiento de los datos personales del Usuario<\/span><span class=\"s1\">, por ejemplo, cuando se traten los datos del Usuario para enviarle comunicaciones comerciales.<\/span><\/p>\r\n<p class=\"p2\"><span class=\"s1\">(iv) <\/span><span class=\"s2\">derecho de supresi\u00f3n de los datos personales del Usuario o derecho \u201cal olvido\u201d,<\/span><span class=\"s1\"> que permite a los Usuarios pedir al responsable del tratamiento la supresi\u00f3n de sus datos personales cuando se d\u00e9 alguna de las siguientes circunstancias, entre otras: (i) los datos personales del Usuario ya no son necesarios en relaci\u00f3n con los fines para los que fueron recogidos o tratados de otro modo; (ii) el Usuario retira el consentimiento prestado para el tratamiento de datos personales y no hay otra raz\u00f3n que justifique que el responsable del tratamiento siga trat\u00e1ndolos; (iii) si los datos del Usuario se han tratado de manera il\u00edcita. En cualquier caso, los Usuarios han de saber que puede ser factible no atender una solicitud de supresi\u00f3n de datos cuando el tratamiento sea necesario para el ejercicio de la libertad de expresi\u00f3n e informaci\u00f3n, para el cumplimiento de una obligaci\u00f3n legal, para el cumplimiento de una misi\u00f3n realizada en inter\u00e9s p\u00fablico o en el ejercicio de poderes p\u00fablicos conferidos al responsable del tratamiento, por razones de inter\u00e9s p\u00fablico, en el \u00e1mbito de la salud p\u00fablica, con fines de archivo de inter\u00e9s p\u00fablico o para la formulaci\u00f3n, el ejercicio o la defensa de reclamaciones.<\/span><\/p>\r\n<p class=\"p2\"><span class=\"s1\">(v) <\/span><span class=\"s2\">derecho a la limitaci\u00f3n del tratamiento de los datos personales del Usuario, que permite al Usuario pedir al responsable del tratamiento<\/span><span class=\"s1\">:<\/span><\/p>\r\n<p class=\"p3\"><span class=\"s1\">(a) la suspensi\u00f3n del tratamiento de sus datos personales \u2014cuando el Usuario impugne su exactitud o en casos en los que se haya opuesto al tratamiento, en determinadas condiciones\u2014; o<\/span><\/p>\r\n<p class=\"p3\"><span class=\"s1\">(b) la conservaci\u00f3n de los datos durante un per\u00edodo determinado \u2014cuando el tratamiento sea il\u00edcito y el Usuario se opone a la supresi\u00f3n, pero pide la limitaci\u00f3n del tratamiento, o cuando el responsable ya no necesite esos datos para los fines del tratamiento, pero el Usuario s\u00ed, para plantear reclamaciones o defenderse\u2014.<\/span><\/p>\r\n<p class=\"p2\"><span class=\"s1\">(vi) <\/span><span class=\"s2\">derecho a la portabilidad de los datos personales del Usuario<\/span><span class=\"s1\">, que faculta al Usuario para que, cuando el tratamiento sea por medios automatizados, (i) el Usuario reciba los datos personales que haya facilitado al responsable del tratamiento, en un formato estructurado, de uso com\u00fan, de lectura mec\u00e1nica e interoperable, y (ii) el Usuario pueda transmitir esos datos a otro responsable del tratamiento, siempre que la justificaci\u00f3n del tratamiento sea el consentimiento del Usuario o la ejecuci\u00f3n de un contrato (como las presentes Condiciones de Uso).<\/span><\/p>\r\n<p class=\"p2\"><span class=\"s1\">(vii) <\/span><span class=\"s2\">derecho del Usuario a no ser objeto de decisiones individuales automatizadas basadas \u00fanicamente en el tratamiento de sus datos personales<\/span><span class=\"s1\">, lo que supone que el Usuario est\u00e9 facultado para exigir no ser objeto de una decisi\u00f3n basada \u00fanicamente en el tratamiento de sus datos personales, incluida la elaboraci\u00f3n de perfiles, que produzca efectos jur\u00eddicos sobre el Usuario o le afecte significativamente de forma similar. Este derecho no es aplicable cuando sea necesario adoptar tales decisiones para celebrar o cumplir un contrato entre el Usuario y el responsable, ni cuando el tratamiento de los datos se fundamente en el consentimiento previo del Usuario.<\/span><\/p>\r\n<p class=\"p2\"><span class=\"s1\">(viii) <\/span><span class=\"s2\">Derecho a revocar el consentimiento<\/span><span class=\"s1\">. Cuando la base jur\u00eddica que legitima el tratamiento es el consentimiento, la persona interesada tiene derecho a retirarlo o revocarlo en cualquier momento. La retirada o revocaci\u00f3n del consentimiento no tiene efectos retroactivos. Por lo tanto, no afecta a la licitud del tratamiento fundamentada en el consentimiento previo a la retirada. <\/span><\/p>\r\n<\/div>\r\n<p class=\"p2\"><span class=\"s1\">Para ejercer dichos derechos, as\u00ed como para contactar con el Delegado de Protecci\u00f3n de Datos de K 2000 para cualquier consulta que puedas tener sobre esta Pol\u00edtica de Privacidad o sobre como K 2000 trata tus datos personales, puedes dirigirte a \u00e9sta a trav\u00e9s de los siguientes medios:<\/span><\/p>\r\n<div style=\"padding-left: 30px;\">\r\n<p class=\"p3\"><span class=\"s1\">(a) Por correo postal: K 2000, Avenida Diagonal 177-183, 12\u00aa Planta, 08018, Barcelona.<\/span><\/p>\r\n<p class=\"p3\"><span class=\"s1\">(b) Por correo electr\u00f3nico: <a style=\"color: #de3a20;\" href=\"mailto:lopd@k2000.com\" target=\"_blank\" rel=\"noopener noreferrer\" data-auth=\"NotApplicable\" data-linkindex=\"0\">lopd@k2000.com<\/a>\u00a0( esta direcci\u00f3n de correo electr\u00f3nico est\u00e1 \u00fanicamente destinada a cuestiones relacionadas con la protecci\u00f3n de datos por lo que no se atender\u00e1 cualquier otra cuesti\u00f3n o consulta no relacionada).<\/span><\/p>\r\n<\/div>\r\n<p class=\"p2\"><span class=\"s1\">En ambos casos, te rogamos que indiques como referencia la siguiente: \u201cRef. Protecci\u00f3n de Datos \u2013 K 2000\u201d. <\/span><\/p>\r\n<p class=\"p2\"><span class=\"s1\">Sin perjuicio de lo anterior, K 2000 podr\u00e1 denegar aquellas solicitudes de derechos que sean infundadas o excesivas.<\/span><\/p>\r\n<p class=\"p2\"><span class=\"s1\">Adicionalmente a lo anterior, tienes derecho a presentar una reclamaci\u00f3n ante la Agencia Espa\u00f1ola de Protecci\u00f3n de Datos (<\/span><span class=\"s3\">www.aepd.es<\/span><span class=\"s1\">) si consideras que tus derechos no han sido atendidos correctamente o se ha incumplido la normativa aplicable en el tratamiento de tus datos personales.<\/span><\/p>","protected":false},"excerpt":{"rendered":"<p>1.1. Responsable del tratamiento K 2000, S.A.U. (en adelante &#8220;K 2000&#8221; o el &#8220;Responsable del tratamiento&#8221; o el \u201cResponsable\u201d), con domicilio social en Barrio De Errekalde, S\/N, Galdakao, 48960, Bizkaia y provista de NIF A48175681. 2.2. Finalidades para la que trataremos los datos, bases que legitiman el tratamiento, categor\u00eda de datos y periodo de conservaci\u00f3n &hellip; <a href=\"https:\/\/www.k2000.com\/eu\/politica-de-privacidad\/\" class=\"more-link\"><\/a><\/p>\n","protected":false},"author":3,"featured_media":0,"parent":0,"menu_order":0,"comment_status":"closed","ping_status":"closed","template":"","meta":{"footnotes":""},"class_list":["post-3752","page","type-page","status-publish","hentry"],"yoast_head":"<!-- This site is optimized with the Yoast SEO plugin v27.5 - https:\/\/yoast.com\/product\/yoast-seo-wordpress\/ -->\n<title>Pribatutasun-politika &#187; K 2000, s.a.u. - Servicios audiovisuales y creaci\u00f3n de contenidos<\/title>\n<meta name=\"description\" content=\"Servicios audiovisuales y creaci\u00f3n de contenidos. Forma parte del grupo Mediapro y cuenta con un centro de producci\u00f3n ubicado en Galdakao (Bizkaia) donde dispone de los medios necesarios para abarcar la totalidad de los procesos de producci\u00f3n audiovisual.\" \/>\n<meta name=\"robots\" content=\"index, follow, max-snippet:-1, max-image-preview:large, max-video-preview:-1\" \/>\n<link rel=\"canonical\" href=\"https:\/\/www.k2000.com\/eu\/politica-de-privacidad\/\" \/>\n<meta property=\"og:locale\" content=\"eu_ES\" \/>\n<meta property=\"og:type\" content=\"article\" \/>\n<meta property=\"og:title\" content=\"Pribatutasun-politika &#187; K 2000, s.a.u. - Servicios audiovisuales y creaci\u00f3n de contenidos\" \/>\n<meta property=\"og:description\" content=\"Servicios audiovisuales y creaci\u00f3n de contenidos. Forma parte del grupo Mediapro y cuenta con un centro de producci\u00f3n ubicado en Galdakao (Bizkaia) donde dispone de los medios necesarios para abarcar la totalidad de los procesos de producci\u00f3n audiovisual.\" \/>\n<meta property=\"og:url\" content=\"https:\/\/www.k2000.com\/eu\/politica-de-privacidad\/\" \/>\n<meta property=\"og:site_name\" content=\"K 2000, s.a.u. - Servicios audiovisuales y creaci\u00f3n de contenidos\" \/>\n<meta property=\"article:modified_time\" content=\"2022-06-19T14:54:35+00:00\" \/>\n<meta name=\"twitter:card\" content=\"summary_large_image\" \/>\n<meta name=\"twitter:label1\" content=\"Est. reading time\" \/>\n\t<meta name=\"twitter:data1\" content=\"10 minutes\" \/>\n<script type=\"application\/ld+json\" class=\"yoast-schema-graph\">{\"@context\":\"https:\\\/\\\/schema.org\",\"@graph\":[{\"@type\":\"WebPage\",\"@id\":\"https:\\\/\\\/www.k2000.com\\\/eu\\\/politica-de-privacidad\\\/\",\"url\":\"https:\\\/\\\/www.k2000.com\\\/eu\\\/politica-de-privacidad\\\/\",\"name\":\"Pribatutasun-politika &#187; K 2000, s.a.u. - Servicios audiovisuales y creaci\u00f3n de contenidos\",\"isPartOf\":{\"@id\":\"https:\\\/\\\/www.k2000.com\\\/#website\"},\"datePublished\":\"2019-03-24T12:49:17+00:00\",\"dateModified\":\"2022-06-19T14:54:35+00:00\",\"description\":\"Servicios audiovisuales y creaci\u00f3n de contenidos. Forma parte del grupo Mediapro y cuenta con un centro de producci\u00f3n ubicado en Galdakao (Bizkaia) donde dispone de los medios necesarios para abarcar la totalidad de los procesos de producci\u00f3n audiovisual.\",\"breadcrumb\":{\"@id\":\"https:\\\/\\\/www.k2000.com\\\/eu\\\/politica-de-privacidad\\\/#breadcrumb\"},\"inLanguage\":\"eu-ES\",\"potentialAction\":[{\"@type\":\"ReadAction\",\"target\":[\"https:\\\/\\\/www.k2000.com\\\/eu\\\/politica-de-privacidad\\\/\"]}]},{\"@type\":\"BreadcrumbList\",\"@id\":\"https:\\\/\\\/www.k2000.com\\\/eu\\\/politica-de-privacidad\\\/#breadcrumb\",\"itemListElement\":[{\"@type\":\"ListItem\",\"position\":1,\"name\":\"Portada\",\"item\":\"https:\\\/\\\/www.k2000.com\\\/eu\\\/\"},{\"@type\":\"ListItem\",\"position\":2,\"name\":\"Pribatutasun-politika\"}]},{\"@type\":\"WebSite\",\"@id\":\"https:\\\/\\\/www.k2000.com\\\/#website\",\"url\":\"https:\\\/\\\/www.k2000.com\\\/\",\"name\":\"K 2000, s.a.u. - Servicios audiovisuales y creaci\u00f3n de contenidos\",\"description\":\"K 2000 s.a.u. es una empresa perteneciente al grupo MEDIAPRO que cuenta con un centro de producci\u00f3n ubicado en Galdakao (Bizkaia) donde dispone de los medios necesarios para abarcar la totalidad de los procesos de producci\u00f3n audiovisual y creaci\u00f3n de contenidos, tanto en video y\\\/o cine.\",\"potentialAction\":[{\"@type\":\"SearchAction\",\"target\":{\"@type\":\"EntryPoint\",\"urlTemplate\":\"https:\\\/\\\/www.k2000.com\\\/?s={search_term_string}\"},\"query-input\":{\"@type\":\"PropertyValueSpecification\",\"valueRequired\":true,\"valueName\":\"search_term_string\"}}],\"inLanguage\":\"eu-ES\"}]}<\/script>\n<!-- \/ Yoast SEO plugin. -->","yoast_head_json":{"title":"Pribatutasun-politika &#187; K 2000, s.a.u. - Servicios audiovisuales y creaci\u00f3n de contenidos","description":"Servicios audiovisuales y creaci\u00f3n de contenidos. Forma parte del grupo Mediapro y cuenta con un centro de producci\u00f3n ubicado en Galdakao (Bizkaia) donde dispone de los medios necesarios para abarcar la totalidad de los procesos de producci\u00f3n audiovisual.","robots":{"index":"index","follow":"follow","max-snippet":"max-snippet:-1","max-image-preview":"max-image-preview:large","max-video-preview":"max-video-preview:-1"},"canonical":"https:\/\/www.k2000.com\/eu\/politica-de-privacidad\/","og_locale":"eu_ES","og_type":"article","og_title":"Pribatutasun-politika &#187; K 2000, s.a.u. - Servicios audiovisuales y creaci\u00f3n de contenidos","og_description":"Servicios audiovisuales y creaci\u00f3n de contenidos. Forma parte del grupo Mediapro y cuenta con un centro de producci\u00f3n ubicado en Galdakao (Bizkaia) donde dispone de los medios necesarios para abarcar la totalidad de los procesos de producci\u00f3n audiovisual.","og_url":"https:\/\/www.k2000.com\/eu\/politica-de-privacidad\/","og_site_name":"K 2000, s.a.u. - Servicios audiovisuales y creaci\u00f3n de contenidos","article_modified_time":"2022-06-19T14:54:35+00:00","twitter_card":"summary_large_image","twitter_misc":{"Est. reading time":"10 minutes"},"schema":{"@context":"https:\/\/schema.org","@graph":[{"@type":"WebPage","@id":"https:\/\/www.k2000.com\/eu\/politica-de-privacidad\/","url":"https:\/\/www.k2000.com\/eu\/politica-de-privacidad\/","name":"Pribatutasun-politika &#187; K 2000, s.a.u. - Servicios audiovisuales y creaci\u00f3n de contenidos","isPartOf":{"@id":"https:\/\/www.k2000.com\/#website"},"datePublished":"2019-03-24T12:49:17+00:00","dateModified":"2022-06-19T14:54:35+00:00","description":"Servicios audiovisuales y creaci\u00f3n de contenidos. Forma parte del grupo Mediapro y cuenta con un centro de producci\u00f3n ubicado en Galdakao (Bizkaia) donde dispone de los medios necesarios para abarcar la totalidad de los procesos de producci\u00f3n audiovisual.","breadcrumb":{"@id":"https:\/\/www.k2000.com\/eu\/politica-de-privacidad\/#breadcrumb"},"inLanguage":"eu-ES","potentialAction":[{"@type":"ReadAction","target":["https:\/\/www.k2000.com\/eu\/politica-de-privacidad\/"]}]},{"@type":"BreadcrumbList","@id":"https:\/\/www.k2000.com\/eu\/politica-de-privacidad\/#breadcrumb","itemListElement":[{"@type":"ListItem","position":1,"name":"Portada","item":"https:\/\/www.k2000.com\/eu\/"},{"@type":"ListItem","position":2,"name":"Pribatutasun-politika"}]},{"@type":"WebSite","@id":"https:\/\/www.k2000.com\/#website","url":"https:\/\/www.k2000.com\/","name":"K 2000, s.a.u. - Servicios audiovisuales y creaci\u00f3n de contenidos","description":"K 2000 s.a.u. es una empresa perteneciente al grupo MEDIAPRO que cuenta con un centro de producci\u00f3n ubicado en Galdakao (Bizkaia) donde dispone de los medios necesarios para abarcar la totalidad de los procesos de producci\u00f3n audiovisual y creaci\u00f3n de contenidos, tanto en video y\/o cine.","potentialAction":[{"@type":"SearchAction","target":{"@type":"EntryPoint","urlTemplate":"https:\/\/www.k2000.com\/?s={search_term_string}"},"query-input":{"@type":"PropertyValueSpecification","valueRequired":true,"valueName":"search_term_string"}}],"inLanguage":"eu-ES"}]}},"_links":{"self":[{"href":"https:\/\/www.k2000.com\/eu\/wp-json\/wp\/v2\/pages\/3752","targetHints":{"allow":["GET"]}}],"collection":[{"href":"https:\/\/www.k2000.com\/eu\/wp-json\/wp\/v2\/pages"}],"about":[{"href":"https:\/\/www.k2000.com\/eu\/wp-json\/wp\/v2\/types\/page"}],"author":[{"embeddable":true,"href":"https:\/\/www.k2000.com\/eu\/wp-json\/wp\/v2\/users\/3"}],"replies":[{"embeddable":true,"href":"https:\/\/www.k2000.com\/eu\/wp-json\/wp\/v2\/comments?post=3752"}],"version-history":[{"count":0,"href":"https:\/\/www.k2000.com\/eu\/wp-json\/wp\/v2\/pages\/3752\/revisions"}],"wp:attachment":[{"href":"https:\/\/www.k2000.com\/eu\/wp-json\/wp\/v2\/media?parent=3752"}],"curies":[{"name":"wp","href":"https:\/\/api.w.org\/{rel}","templated":true}]}}