{"id":3693,"date":"2019-03-24T13:49:00","date_gmt":"2019-03-24T12:49:00","guid":{"rendered":"https:\/\/www.k2000.com\/?page_id=3693"},"modified":"2022-06-19T17:01:34","modified_gmt":"2022-06-19T15:01:34","slug":"erabilera","status":"publish","type":"page","link":"https:\/\/www.k2000.com\/eu\/erabilera\/","title":{"rendered":"Erabilera baldintzak"},"content":{"rendered":"\r\n<h3 class=\"p1 wp-block-heading\"><span class=\"s1\"><b>1. Webgune honen enpresa titularraren datuak eta derrigorrezko erabilera baldintzak<\/b><\/span><\/h3>\r\n<p class=\"p1\"><span class=\"s1\">https:\/\/www.k2000.com helbidean eskura dagoen webgunearen eta bere edozein azpi-webguneren (aurrerantzean, \u00abWebgunea\u00bb) sarbidea, nabigazioa eta erabilera arautzen duten derrigorrezko erabilera baldintzak eta ohar legala jaso dira testu honetan. Webgunea K2000 SAU (aurrerantzean \u00abZerbitzu-emailea\u00bb) merkatu-enpresaren titulartasunpekoa da. Enpresaren helbidea Errekalde auzoa z.\/g., 48960 Galdakao, Bizkaia da eta A-48175681 IFZ dauka. Bizkaiko Merkataritza Erregistroan erregistratuta dago, BI-4206A orrian, 1702 liburukian, 173. folioan. <\/span><\/p>\r\n<p class=\"p1\"><span class=\"s1\">Gurekin harremanetan jartzeko +34 944 57 00 00 telefonoa edo info@k2000.com helbide elektronikoa erabil dezakezu, eta ahal bezain laster erantzungo diogu zure mezuari.<\/span><\/p>\r\n<p class=\"p1\"><span class=\"s1\">Webgunearen bidez edo Webgunera bideratutako beste web-orrialde batzuen bidez (bai eta, hala dagokionean, Zerbitzu-emailearen titulartasunpekoak diren sare sozialetako profilen bidez ere) eskura daitezkeen zerbitzuak lege-ohar honen eta Webgunearen erabilera baldintzen baitan daude (aurrerantzean, \u00abErabilera Baldintzak\u00bb). Horrenbestez, Webgunea (eta, hala dagokionean, Zerbitzu-emaileak sare sozialetan dituen profilen), haren edukiak (hala nola testuak, grafikoak, marrazkiak, diseinuak, kodeak, softwarea, argazkiak, musika, bideoak, soinuak, datu-baseak, irudiak, adierazpenak eta informazioak zein jabetza intelektual eta industrialaren lege nazionalek eta nazioarteko itunek babestutako bestelako edozein sorkuntzak) eta haren zerbitzuak (aurrerantzean \u00abZerbitzuak\u00bb) Erabilera Baldintza hauen arabera erabili behar dira.<\/span><\/p>\r\n<p class=\"p1\"><span class=\"s1\">Zerbitzu-emaileak Webgunearen, Edukien eta Zerbitzuen (eta, hala dagokionean, sare sozialetako bere profilen) aurkezpena edota konfigurazioa aldatzeko eskubidea dauka, bai eta horietara sartzeko edo erabiltzeko beharrezkoak diren baldintzak aldatzeko eskubidea ere. <\/span><\/p>\r\n<p class=\"p1\"><span class=\"s1\">Edukietara sartu edota Zerbitzuak erabiltzen dituztenak erabiltzaile izaera izango dute (aurrerantzean, \u00abErabiltzailea\u00bb) eta Webgunean eskuragarri dagoen Erabilera Baldintzen azken bertsioa bete beharko dute, izan ditzakeen aldaketa guztiekin. Ez bazaude ados Erabilera Baldintzekin edo ez badituzu ulertzen, ez dituzu Webgunea, Edukiak edota Zerbitzuak erabili edo bertara sartu behar.<\/span><\/p>\r\n<p class=\"p1\"><span class=\"s1\">Erabilera Baldintza hauez gain, Webgunean eskaintzen diren zenbait Zerbitzu, Eduki edota tresnek (eta, hala dagokionean, sare sozialetako profilek) baldintza partikularrak izan ditzakete, eta, hala balitz, Erabiltzailearen eskura egongo lirateke.<\/span><\/p>\r\n<h3 class=\"p1\"><span class=\"s1\"><b>2. Webgunera sartzea eta Webgunea erabiltzea. Adingabeek baimenik gabe erabiltzeko debekua<\/b><\/span><\/h3>\r\n<h5 class=\"p4\"><span class=\"s1\"><b>2.1. Sarbidea<\/b><\/span><\/h5>\r\n<p class=\"p2\">Oro har, Webgunearen bidezko (eta, hala dagokionean, Zerbitzu-emailearen titulartasunpeko sare sozialetako profilen bidezko) Edukietarako sarbidea eta Zerbitzuen erabilera doakoak dira. Eduki edo Zerbitzu jakin batzuetarako (edo bietarako) sarbide edo erabilerak kontraordain bat balu, aurretik jakinaraziko zaio Erabiltzaileari.<\/p>\r\n<h5 class=\"p4\"><span class=\"s1\"><b>2.2. Webgunea, Zerbitzuak eta Edukiak zuzen erabili beharraz<\/b><\/span><\/h5>\r\n<p class=\"p2\"><span class=\"s1\">El Usuario se compromete a utilizar el Sitio Web y los Servicios y a acceder a los Contenidos, de conformidad con la ley, las presentes Condiciones de Uso, las condiciones particulares que, en su caso, puedan tener ciertos Servicios o Contenidos y, dem\u00e1s avisos, reglamentos de uso e instrucciones puestas en su conocimiento.<\/span><\/p>\r\n<p class=\"p2\"><span class=\"s1\">El Usuario se compromete expresamente a no utilizar los Servicios y\/o los Contenidos con fines o efectos il\u00edcitos, prohibidos en las presentes Condiciones de Uso o en cualquier normativa aplicable, lesivos de los derechos e intereses de terceros o, que de cualquier forma, puedan da\u00f1ar, inutilizar, sobrecargar, deteriorar o impedir la normal utilizaci\u00f3n de los Servicios y\/o los Contenidos, los equipos inform\u00e1ticos o los documentos, archivos y toda clase de contenidos almacenados en cualquier equipo inform\u00e1tico del Prestador, de otros Usuarios o de cualquier usuario de Internet.<\/span><\/p>\r\n<p class=\"p2\"><span class=\"s1\">En particular, a t\u00edtulo meramente indicativo y no exhaustivo, el Usuario se compromete expresamente a no transmitir, difundir o poner a disposici\u00f3n de terceros informaciones, datos, contenidos, mensajes, gr\u00e1ficos, dibujos, archivos de sonido y\/o imagen, fotograf\u00edas, grabaciones, software y, en general, cualquier clase de material que: <\/span><\/p>\r\n<ul class=\"ol1\" style=\"list-style-type: lower-latin; padding-left: 30px;\">\r\n<li class=\"li6\"><span class=\"s1\">de cualquier forma sea contrario, menosprecie o atente contra los derechos fundamentales o las libertades p\u00fablicas reconocidas constitucionalmente, en los tratados internacionales y en el resto de la legislaci\u00f3n aplicable; <\/span><\/li>\r\n<li class=\"li6\"><span class=\"s1\">induzca, incite o promueva actuaciones delictivas, denigratorias, difamatorias, infamantes, violentas o, en general, contrarias a la ley, a la moral y a las buenas costumbres generalmente aceptadas o al orden p\u00fablico; <\/span><\/li>\r\n<li class=\"li6\"><span class=\"s1\">induzca, incite o promueva actuaciones, actitudes o pensamientos discriminatorios por raz\u00f3n de sexo, raza, religi\u00f3n, creencias, edad o condici\u00f3n; <\/span><\/li>\r\n<li class=\"li6\"><span class=\"s1\">incorpore, ponga a disposici\u00f3n o permita acceder a productos, elementos, mensajes y\/o servicios delictivos, violentos, ofensivos, nocivos, degradantes o, en general, contrarios a la ley, a la moral o a las buenas costumbres generalmente aceptadas o al orden p\u00fablico; <\/span><\/li>\r\n<li class=\"li6\"><span class=\"s1\">induzca o pueda inducir a un estado inaceptable de ansiedad o temor; <\/span><\/li>\r\n<li class=\"li6\"><span class=\"s1\">induzca o incite a involucrarse en pr\u00e1cticas peligrosas, de riesgo o nocivas para la salud f\u00edsica o psicol\u00f3gica (o ambas); <\/span><\/li>\r\n<li class=\"li6\"><span class=\"s1\">sea falso, ambiguo, inexacto, exagerado o extempor\u00e1neo, de forma que induzca o pueda inducir a error sobre su objeto o sobre las intenciones o prop\u00f3sitos del emisor; <\/span><\/li>\r\n<li class=\"li6\"><span class=\"s1\">se encuentre protegido por cualesquiera derechos de propiedad intelectual o industrial pertenecientes a terceros, sin que el Usuario haya obtenido previamente de sus titulares la autorizaci\u00f3n necesaria para utilizarlo; <\/span><\/li>\r\n<li class=\"li6\"><span class=\"s1\">viole secretos empresariales; <\/span><\/li>\r\n<li class=\"li6\"><span class=\"s1\">sea contrario al derecho al honor, a la intimidad personal y familiar, a la propia imagen o a cualquier otro derecho de la personalidad; <\/span><\/li>\r\n<li class=\"li6\"><span class=\"s1\">de cualquier manera menoscabe el cr\u00e9dito del Prestador o de terceros; <\/span><\/li>\r\n<li class=\"li6\"><span class=\"s1\">infrinja la normativa sobre secreto de las comunicaciones o la de protecci\u00f3n de datos de car\u00e1cter personal (o ambas); <\/span><\/li>\r\n<li class=\"li6\"><span class=\"s1\">constituya, en su caso, publicidad il\u00edcita, enga\u00f1osa o desleal o, en general, constituya competencia desleal; <\/span><\/li>\r\n<li class=\"li6\"><span class=\"s1\">incorpore virus u otros elementos f\u00edsicos o electr\u00f3nicos que puedan da\u00f1ar o impedir el normal funcionamiento de la red, del sistema o de equipos inform\u00e1ticos del Prestador o de terceros o que puedan da\u00f1ar los documentos electr\u00f3nicos y archivos almacenados en dichos equipos inform\u00e1ticos; y, <\/span><\/li>\r\n<li class=\"li6\"><span class=\"s1\">provoque por sus caracter\u00edsticas (tales como formato, extensi\u00f3n, etc.) dificultades en el normal funcionamiento del Sitio Web, de los Servicios o de los Contenidos.<\/span><\/li>\r\n<\/ul>\r\n<h5 class=\"p2\"><span class=\"s1\"><b>2.3. Menores de edad<\/b><\/span><\/h5>\r\n<p class=\"p3\"><span class=\"s1\">Para acceder y hacer uso del Sitio Web tienes que ser mayor de edad y en caso de que seas menor de edad podr\u00e1s acceder y hacer uso del mismo siempre que tengas la autorizaci\u00f3n de tus padres, madres o tutores legales. Es decir, si eres menor de edad y no tienes el permiso de tus padres, madres o tutores legales para acceder al Sitio Web, NO puedes usar nuestro Sitio Web.\u00a0<\/span><\/p>\r\n<h3>\u00a0<\/h3>\r\n<h3 class=\"p1\"><span class=\"s1\"><b>3. Enlaces<\/b><\/span><\/h3>\r\n<h5 class=\"p2\"><span class=\"s1\"><b>3.1. Enlaces a sitios web o plataformas de terceros<\/b><\/span><\/h5>\r\n<p class=\"p2\"><span class=\"s1\">En caso de que en el Sitio Web (o, en su caso, en los perfiles en redes sociales titularidad del Prestador) se mostraran enlaces a otras p\u00e1ginas web o perfiles de terceros en redes sociales, mediante diferentes botones, links, banners o contenidos embebidos, el Usuario declara expresamente conocer que: <\/span><\/p>\r\n<ul class=\"ol2\" style=\"list-style-type: lower-roman; padding-left: 30px;\">\r\n<li class=\"li6\"><span class=\"s1\">tales botones, enlaces, etc. se encuentran directamente gestionados por terceros; <\/span><\/li>\r\n<li class=\"li6\"><span class=\"s1\">el Prestador no dispone de medios (ni humanos ni t\u00e9cnicos) para conocer de forma previa y\/o controlar y\/o aprobar la informaci\u00f3n, contenidos, productos o servicios facilitados por terceros titulares de otros sitios web o plataformas a las que se puedan establecer enlaces en el Sitio Web; y,<\/span><\/li>\r\n<li class=\"li6\"><span class=\"s1\">el Prestador no podr\u00e1 asumir ning\u00fan tipo de responsabilidad por cualquier aspecto relativo a la plataforma o p\u00e1gina web, red social, etc., a la que se pudiera establecer un enlace desde el Sitio Web (o, en su caso, desde los perfiles en redes sociales titularidad del Prestador) \u2014en concreto, a t\u00edtulo enunciativo y no limitativo, sobre su funcionamiento, acceso, datos, informaci\u00f3n, archivos, calidad y fiabilidad de sus productos y servicios, sus propios enlaces y\/o cualquiera de sus contenidos, en general\u2014.<\/span><\/li>\r\n<\/ul>\r\n<p class=\"p2\"><span class=\"s1\">El Usuario se compromete expresamente a informar inmediatamente al Prestador si tuviera conocimiento de que las actividades desarrolladas en sitios web o plataformas de terceros enlazadas desde el Sitio Web son ilegales o contravienen la moral y\/o el orden p\u00fablico. Tan pronto cono el Prestador adquiriera conocimiento efectivo de circunstancias como las descritas realizar\u00eda las actuaciones necesarias para deshabilitar el enlace en cuesti\u00f3n.<\/span><\/p>\r\n<h5 class=\"p2\"><span class=\"s1\"><b>3.2. Enlaces en sitios web o plataformas de terceros con destino al Sitio Web<\/b><\/span><\/h5>\r\n<p class=\"p2\"><span class=\"s1\">El Prestador no tiene la posibilidad ni los medios (humanos o t\u00e9cnicos) para conocer, controlar o aprobar la informaci\u00f3n, contenidos, productos o servicios facilitados en sitios web de terceros, as\u00ed como en redes sociales en los que se incluyan enlaces con destino al Sitio Web (o en su caso, a perfiles de redes sociales gestionados por el Prestador). Por ello, el Usuario renuncia expresamente a formular reclamaciones contra el Prestador por cualquier aspecto relativo a sitios web o plataformas de terceros en los que se pudieran establecer enlaces con destino al Sitio Web (o, en su caso, a los perfiles del Prestador en cualesquiera redes sociales) \u2014en concreto, a t\u00edtulo enunciativo y no taxativo, el Usuario renuncia expresamente a reclamar al Prestador sobre su funcionamiento, acceso, datos, informaci\u00f3n, archivos, calidad y fiabilidad de sus productos y servicios, sus propios enlaces y\/o cualquiera de sus contenidos, en general\u2014.<\/span><\/p>\r\n<p class=\"p2\"><span class=\"s1\">El Prestador no autoriza la inclusi\u00f3n de enlaces al Sitio Web (o, en su caso, a sus perfiles en redes sociales) en sitios web o plataformas de terceros que contengan materiales, informaci\u00f3n o contenidos il\u00edcitos, ilegales, degradantes, obscenos o, en general, que contravengan las leyes, la moral o el orden p\u00fablico, o las normas sociales generalmente aceptadas.<\/span><\/p>\r\n<p class=\"p2\"><span class=\"s1\">Los Usuarios podr\u00e1n establecer enlaces en sus respectivos sitios web o perfiles en redes sociales que dirijan al Sitio Web (o a los perfiles en redes sociales de este, en su caso), siempre que cumplan todas las siguientes condiciones: <\/span><\/p>\r\n<ul class=\"ol1\" style=\"list-style-type: lower-latin; padding-left: 30px;\">\r\n<li class=\"li6\"><span class=\"s1\">el enlace no podr\u00e1 reproducir el contenido del Sitio Web o partes del mismo, de ninguna forma; <\/span><\/li>\r\n<li class=\"li6\"><span class=\"s1\">no est\u00e1 permitido crear un browser sobre las secciones del Sitio Web, ni de ninguna otra forma podr\u00e1 modificarse el Sitio Web, los Contenidos o los Servicios (ni, en su caso, los de los perfiles en redes sociales del Prestador); <\/span><\/li>\r\n<li class=\"li6\"><span class=\"s1\">no est\u00e1 permitido realizar manifestaciones o indicaciones falsas o inexactas o incorrectas sobre el Sitio Web (ni, en su caso, sobre los perfiles que el Prestador pudiera gestionar en las redes sociales) ni, en particular, declarar o dar a entender que el Prestador ha autorizado el enlace o que ha supervisado o asumido de cualquier forma los contenidos o servicios ofrecidos o puestos a disposici\u00f3n en el sitio web o plataforma en la que se establece dicho enlace; <\/span><\/li>\r\n<li class=\"li6\"><span class=\"s1\">el sitio web o el perfil en redes sociales en el que se establezca el enlace al Sitio Web (o, en su caso, a los perfiles del Prestador en redes sociales) no contendr\u00e1 informaciones o contenidos il\u00edcitos, contrarios a la moral y buenas costumbres generalmente aceptadas y al orden p\u00fablico, as\u00ed como tampoco contendr\u00e1 contenidos contrarios a cualesquiera derechos de terceros, incluidos los derechos de propiedad intelectual e industrial y\/o el derecho al honor, a la intimidad personal o familiar o a la propia imagen o de cualquier otro derecho, ni contenidos contrarios a las normas reguladoras de la protecci\u00f3n de datos de car\u00e1cter personal; y,<\/span><\/li>\r\n<li class=\"li6\"><span class=\"s1\">el titular del sitio web o perfil en una red social en el que se establezca el enlace al Sitio Web (o, en su caso, a los correspondientes perfiles en redes sociales del Prestador) no podr\u00e1 lucrarse, ni directa ni indirectamente, por la inclusi\u00f3n de enlace(s) al Sitio Web (o, en su caso, a los perfiles del Prestador en redes sociales).<\/span><\/li>\r\n<\/ul>\r\n<h5 class=\"p4\"><span class=\"s1\"><b>3.3. Posibilidad de acceder a los canales y p\u00e1ginas web gestionados por el Prestador desde sitios web o plataformas de terceros (incluidas las redes sociales)<\/b><\/span><\/h5>\r\n<p class=\"p2\"><span class=\"s1\">El Prestador puede poner a disposici\u00f3n de los Usuarios, a trav\u00e9s de diferentes herramientas y aplicaciones, medios que permiten a los Usuarios acceder a los canales y p\u00e1ginas web que el Prestador mantiene en diferentes plataformas (y, en su caso, en redes sociales pertenecientes y\/o gestionadas por terceros como, por ejemplo, Facebook, Twitter, Instagram, LinkedIn, Vimeo etc.). Con ello el Prestador persigue, exclusivamente, facilitar a los Usuarios el acceso a los canales y p\u00e1ginas web gestionados por el Prestador en diferentes plataformas (entre las que podr\u00edan encontrarse sus perfiles en redes sociales).<\/span><\/p>\r\n<p class=\"p2\"><span class=\"s1\">El Usuario declara expresamente saber que el establecimiento de estas aplicaciones no implica la existencia de relaci\u00f3n alguna entre el Prestador y el titular, fabricante o distribuidor de la plataforma ajena al Sitio Web, como tampoco la aceptaci\u00f3n y aprobaci\u00f3n por parte del Prestador de sus contenidos y\/o servicios, siendo su titular, fabricante o distribuidor el \u00fanico responsable.<\/span><\/p>\r\n<p class=\"p2\"><span class=\"s1\">La activaci\u00f3n y uso de estas aplicaciones puede conllevar la identificaci\u00f3n y autenticaci\u00f3n del Usuario (login\/contrase\u00f1a) en plataformas de terceros, ajenas al Sitio Web y fuera del control del Prestador. El Usuario declara expresamente saber que al acceder a plataformas diferentes del Sitio Web ingresa en un entorno no controlado por el Prestador, por lo que no puede exigirle responsabilidades derivadas de tal acceso. Dado que el Prestador no tiene control alguno sobre el contenido alojado en plataformas de terceros, el Usuario renuncia expresamente a reclamarle responsabilidad alguna por el contenido o por los servicios (o por ambos) a los que el Usuario pueda acceder en dichas plataformas de terceros. Por tal motivo, el Usuario se compromete expresamente a extremar la prudencia en la valoraci\u00f3n y utilizaci\u00f3n de la informaci\u00f3n, contenidos y servicios existentes en las plataformas enlazadas, y sobre la informaci\u00f3n propia o de terceros que quiera compartir en dichas plataformas.<\/span><\/p>\r\n<p class=\"p3\"><span class=\"s1\">En ning\u00fan caso el Prestador compartir\u00e1 con redes sociales ning\u00fan tipo de informaci\u00f3n privada de sus usuarios. Por tanto, ser\u00e1 el Usuario quien decida, en su caso, compartir esa informaci\u00f3n con plataformas de terceros, bajo su exclusiva responsabilidad, sin la intervenci\u00f3n del Prestador.<\/span><\/p>\r\n<h3>\u00a0<\/h3>\r\n<h3 class=\"p1\"><span class=\"s1\"><b>4. Responsabilidades y garant\u00edas <\/b><\/span><\/h3>\r\n<p class=\"p3\"><span class=\"s1\">El Usuario responder\u00e1 del incumplimiento de cualquiera de las obligaciones asumidas en virtud de su aceptaci\u00f3n de las presentes Condiciones de Uso o de la ley aplicable en relaci\u00f3n con el Sitio Web, la utilizaci\u00f3n de los Servicios y el acceso a los Contenidos.<\/span><\/p>\r\n<p class=\"p3\"><span class=\"s1\">El Prestador no garantiza la disponibilidad y continuidad del funcionamiento del Sitio Web, de los Servicios o de los Contenidos (ni de los perfiles en redes sociales gestionados por el Prestador, en su caso). Cuando ello sea razonablemente posible, el Prestador advertir\u00e1 previamente de las interrupciones en el funcionamiento del Sitio Web, de los Servicios o de los Contenidos (y, en su caso, de los perfiles en redes sociales gestionados por el Prestador). El Prestador tampoco garantiza la utilidad del Sitio Web y de los Servicios o de los Contenidos para la realizaci\u00f3n de ninguna actividad en concreto, ni su infalibilidad y, en particular, a t\u00edtulo enunciativo y no limitativo, que los Usuarios puedan efectivamente utilizar el Sitio Web, los Servicios y los Contenidos, acceder a las distintas p\u00e1ginas web que forman el Sitio Web o a aquellas desde las que se prestan los Servicios o se accede a los Contenidos.<\/span><b> <\/b><\/p>\r\n<p class=\"p2\"><span class=\"s1\">El Prestador no puede garantizar la fiabilidad, utilidad o veracidad de los Contenidos, de los Servicios (o de sus perfiles en redes sociales, en su caso), ni de las publicaciones de los Usuarios, en su caso.<\/span><b> <\/b><span class=\"s1\">En consecuencia, el Prestador no garantiza ni se hace responsable de (con car\u00e1cter enunciativo y no limitativo): <\/span><\/p>\r\n<ul class=\"ol1\" style=\"list-style-type: lower-roman; padding-left: 30px;\">\r\n<li class=\"li6\"><span class=\"s1\">la continuidad de los Contenidos o Servicios puestos a disposici\u00f3n de los Usuarios; <\/span><\/li>\r\n<li class=\"li6\"><span class=\"s1\">la ausencia de errores en dichos Contenidos o Servicios; <\/span><\/li>\r\n<li class=\"li6\"><span class=\"s1\">la ausencia de virus y\/o dem\u00e1s componentes da\u00f1inos en el Sitio Web, redes sociales o en el servidor que los suministra; <\/span><\/li>\r\n<li class=\"li6\"><span class=\"s1\">la invulnerabilidad del Sitio Web y redes sociales y\/o la imposibilidad de vulnerar las medidas de seguridad que se adopten en el mismo; <\/span><\/li>\r\n<li class=\"li6\"><span class=\"s1\">la falta de utilidad o rendimiento de los Contenidos, de los Servicios o de los perfiles en redes sociales, en su caso; y, <\/span><\/li>\r\n<li class=\"li6\"><span class=\"s1\">los da\u00f1os o perjuicios que cause, a s\u00ed misma o a un tercero, cualquier persona que infringiera las condiciones, normas, instrucciones o sistemas de seguridad que el Prestador establece en el Sitio Web.<\/span><\/li>\r\n<\/ul>\r\n<p class=\"p2\"><span class=\"s1\">Ello no obstante, el Prestador declara que ha adoptado todas las medidas necesarias, dentro de sus posibilidades y del estado de la t\u00e9cnica, para el correcto funcionamiento del Sitio Web, de los Servicios y de los Contenidos (y, en su caso, de los perfiles que pueda gestionar en redes sociales) y para reducir al m\u00ednimo los errores.<\/span><\/p>\r\n<p class=\"p2\"><span class=\"s1\">El Prestador no garantiza la licitud, fiabilidad o utilidad de los contenidos suministrados por terceros a trav\u00e9s del Sitio Web (o, en su caso, de los perfiles en redes sociales gestionados por el Prestador). Si el Usuario tuviera conocimiento de la existencia de alg\u00fan contenido il\u00edcito, ilegal, contrario a las leyes o que pudiera suponer una infracci\u00f3n de derechos de terceros, deber\u00e1 notificarlo inmediatamente al Prestador, para que este pueda adoptar las medidas oportunas.<\/span><\/p>\r\n<p class=\"p3\"><span class=\"s1\">El Prestador no ser\u00e1 responsable de la veracidad, integridad o actualizaci\u00f3n de las informaciones publicadas en el Sitio Web (ni, en su caso, de las publicadas en sus perfiles en redes sociales), provenientes de fuentes ajenas al mismo, ni de las contenidas en otras plataformas o redes sociales a las que se pudieran establecer enlaces desde el Sitio Web. <\/span><\/p>\r\n<h3>\u00a0<\/h3>\r\n<h3 class=\"p1\"><span class=\"s1\"><b>5. Derechos de propiedad intelectual e industrial<\/b><\/span><\/h3>\r\n<p class=\"p2\"><span class=\"s1\">El Sitio Web y sus diferentes elementos (as\u00ed como, en su caso, en los perfiles en redes sociales gestionados por el Prestador), tales como bases de datos, c\u00f3digo fuente, aplicaciones inform\u00e1ticas, signos distintivos, logotipos, fotograf\u00edas, fragmentos de obras audiovisuales, dise\u00f1os gr\u00e1ficos o cualesquiera otros elementos, creaciones o invenciones, est\u00e1n sujetos a derechos de propiedad intelectual e industrial o constituyen secretos empresariales, de los que el Prestador es titular exclusivo o cesionario con el alcance requerido. <\/span><\/p>\r\n<p class=\"p2\"><span class=\"s1\">Las presentes Condiciones de Uso no implican cesi\u00f3n ni transmisi\u00f3n a favor del Usuario de ning\u00fan derecho sobre el Sitio Web, los Contenidos, los Servicios (ni, en su caso, sobre los correspondientes perfiles en redes sociales del Prestador), ni sobre cualesquiera otros elementos. Por ello, en ning\u00fan caso se entender\u00e1 que el acceso, navegaci\u00f3n y\/o utilizaci\u00f3n del Sitio Web por parte del Usuario, ni la utilizaci\u00f3n de los Contenidos o de los Servicios ofrecidos a trav\u00e9s del Sitio Web implican una renuncia, transmisi\u00f3n, licencia o cesi\u00f3n total o parcial de dichos derechos parte del Prestador.<\/span><\/p>\r\n<p class=\"p2\"><span class=\"s1\">Quedan expresamente prohibidos al Usuario los actos de reproducci\u00f3n, distribuci\u00f3n, transformaci\u00f3n, comunicaci\u00f3n p\u00fablica, puesta a disposici\u00f3n, extracci\u00f3n, reutilizaci\u00f3n, reenv\u00edo o la explotaci\u00f3n por cualquier medio y en cualquier forma del Sitio Web, de los Contenidos y de los Servicios, salvo en los casos en que est\u00e9 legalmente permitido o medie autorizaci\u00f3n previa y por escrito del Prestador.<\/span> <span class=\"s1\">En este sentido, el Usuario declara expresamente saber que tiene prohibido descargar, reproducir, grabar, compartir, distribuir, comunicar p\u00fablicamente, transformar o alterar en cualquier forma los Servicios y los Contenidos porque solamente tiene autorizaci\u00f3n para visualizarlos en el Sitio Web.<\/span><\/p>\r\n<p class=\"p2\"><span class=\"s1\">El Usuario podr\u00e1 visualizar los Contenidos (o en su caso, los disponibles en sus perfiles en redes sociales gestionados por el Prestador) y utilizar los Servicios para su exclusivo uso personal y privado en sus sistemas inform\u00e1ticos, siempre que no sea con la finalidad de desarrollar actividades de car\u00e1cter comercial o profesional y en ning\u00fan caso con \u00e1nimo de lucro. El Usuario deber\u00e1 abstenerse de eludir o de tratar de eludir cualesquiera medidas tecnol\u00f3gicas adoptadas por el Prestador para restringir actos que no cuenten con la autorizaci\u00f3n del Prestador o de terceros titulares de derechos sobre obras o prestaciones protegidas accesibles a trav\u00e9s del Sitio Web (o, en su caso, de los perfiles en redes sociales gestionados por el Prestador). El Usuario se compromete a respetar en todo momento todos los derechos que recaen sobre el Sitio Web, los Servicios y los Contenidos (y, en su caso, sobre los correspondientes perfiles en redes sociales gestionados por el Prestador), ya sean de titularidad del Prestador o de terceros, y asume expresamente mantener indemne al Prestador en relaci\u00f3n con cualquier responsabilidad derivada del eventual incumplimiento de las obligaciones o compromisos asumidos al aceptar las Condiciones de Uso.<\/span><\/p>\r\n<p class=\"p2\"><span class=\"s1\">Si el Usuario tuviera conocimiento de la existencia en el Sitio Web de alg\u00fan contenido il\u00edcito, ilegal, contrario a las leyes o que pudiera suponer una infracci\u00f3n de derechos de propiedad intelectual o industrial o de cualquier otra \u00edndole deber\u00e1 notificarlo inmediatamente al Prestador, para que esta pueda proceder a la adopci\u00f3n de las medidas oportunas. De igual modo, en caso de que cualquier Usuario o un tercero consideren que alguno de los Contenidos del Sitio Web vulnera sus derechos de propiedad intelectual o industrial, as\u00ed como cualesquiera otros derechos, deber\u00e1n remitir una comunicaci\u00f3n, con la documentaci\u00f3n necesaria que acredite tal extremo, y las entidades responsables del Sitio Web dar\u00e1n cumplida respuesta tan pronto como sea posible.<\/span><a name=\"privacidad\"><\/a><\/p>\r\n<p>&nbsp;<\/p>\r\n<h3 class=\"title h\">6. Pol\u00edtica de privacidad<\/h3>\r\n<div class=\"text-area cf\">\r\n<h5 class=\"p1 h\"><span class=\"s1\"><b>6.1. Responsable del tratamiento<\/b><\/span><\/h5>\r\n<p class=\"p2\"><span class=\"s1\">K 2000, S.A.U. (en adelante \u00ab<b>K 2000<\/b>\u00bb o el \u00ab<b>Responsable del tratamiento<\/b>\u00bb o el \u201c<b>Responsable<\/b>\u201d), con domicilio social en Barrio De Errekalde, S\/N, Galdakao, 48960, Bizkaia y provista de NIF A48175681.<\/span><\/p>\r\n<h5 class=\"p1 h\"><span class=\"s1\"><b>6.2. Finalidades para la que trataremos los datos, bases que legitiman el tratamiento, categor\u00eda de datos y periodo de conservaci\u00f3n<\/b><\/span><\/h5>\r\n<p class=\"p2\"><span class=\"s1\">\u2022 Tratamiento de datos relacionados con la gesti\u00f3n del Sitio Web:<\/span><\/p>\r\n<p class=\"p2\"><span class=\"s2\"><b>Finalidades del tratamiento<\/b><\/span><\/p>\r\n<p class=\"p2\"><span class=\"s1\">El simple hecho de visitar el Sitio Web y navegar por sus distintas secciones no requiere que facilites ning\u00fan dato personal o que te registres como Usuario. No obstante, determinados servicios pueden requerir que los Usuarios se registren proporcionando ciertos datos personales. Asimismo, te recordamos que se podr\u00e1n instalar cookies en tu dispositivo de acceso de acuerdo con lo dispuesto en nuestra Pol\u00edtica de Cookies.<\/span><\/p>\r\n<p class=\"p2\"><span class=\"s1\">Las finalidades del tratamiento de los datos personales es tramitar las consultas y solicitudes que nos hagas llegar a trav\u00e9s del n\u00famero de tel\u00e9fono y el correo electr\u00f3nico habilitados en el Sitio Web.<\/span><\/p>\r\n<p class=\"p2\"><span class=\"s2\"><b>Categor\u00eda de datos tratados<\/b><\/span><\/p>\r\n<p class=\"p2\"><span class=\"s1\">La simple navegaci\u00f3n por el Sitio Web no implica la recogida de datos personales, a excepci\u00f3n de lo se\u00f1alado en nuestra Pol\u00edtica de Cookies. En caso de que nos contactes telef\u00f3nicamente o a trav\u00e9s de correo electr\u00f3nico, trataremos tu voz, datos identificativos, de contacto y aquellos otros que nos proporciones.<\/span><\/p>\r\n<p class=\"p2\"><span class=\"s2\"><b>Base leg\u00edtima del tratamiento<\/b><\/span><\/p>\r\n<p class=\"p2\"><span class=\"s1\">Las bases que legitiman el tratamiento de tus datos que nos proporciones cuando nos contactes telef\u00f3nicamente o a trav\u00e9s de correo electr\u00f3nico, es la ejecuci\u00f3n de un contrato en el que el interesado es parte o para la aplicaci\u00f3n a petici\u00f3n de este de medidas precontractuales.<\/span><\/p>\r\n<p class=\"p2\"><span class=\"s2\"><b>Plazos de conservaci\u00f3n<\/b><\/span><\/p>\r\n<p class=\"p2\"><span class=\"s1\">Con car\u00e1cter general, K 2000 conservar\u00e1 los datos personales de los Usuarios durante el periodo necesario para cumplir los fines descritos en esta Pol\u00edtica de Privacidad. Los datos facilitados por los Usuarios ser\u00e1n conservados por K 2000 mientras sean necesarios para tramitar la petici\u00f3n efectuada, m\u00e1s un periodo adicional de 6 a\u00f1os a efectos de atender las posibles responsabilidades nacidas del tratamiento.<\/span><\/p>\r\n<p class=\"p2\"><span class=\"s1\">Conservaremos datos anonimizados durante plazos superiores a efectos de realizar audiometr\u00edas y an\u00e1lisis necesarios para mejorar nuestros servicios.<\/span><\/p>\r\n<p class=\"p2\"><span class=\"s1\">\u2022 Ejecuci\u00f3n de la relaci\u00f3n contractual con clientes, proveedores, colaboradores y cualesquiera terceros:<\/span><\/p>\r\n<p class=\"p2\"><span class=\"s2\"><b>Finalidades del tratamiento<\/b><\/span><\/p>\r\n<p class=\"p2\"><span class=\"s1\">Los datos personales relativos a los legales representantes, as\u00ed como los de terceras personas que se pudieran designar, como interlocutores, por parte de las personas jur\u00eddicas o profesionales con los que K 2000 mantenga una relaci\u00f3n contractual, ser\u00e1n tratados por K 2000 para llevar a cabo la gesti\u00f3n, desarrollo, cumplimiento y control de la relaci\u00f3n contractual y la facturaci\u00f3n de los servicios correspondientes. Igualmente, K 2000 podr\u00e1 tratar dichos datos y los de terceros designados para la prestaci\u00f3n y desarrollo de los servicios contratados para el control y supervisi\u00f3n del cumplimiento de la normativa aplicable y su C\u00f3digo de Conducta disponible en el siguiente enlace\u00a0<\/span><a style=\"color: #de3a20;\" href=\"https:\/\/ethics.mediapro.tv\/\" target=\"_blank\" rel=\"noopener\"><span class=\"s3\">https:\/\/ethics.mediapro.tv\/<\/span><\/a><span class=\"s4\">.<\/span><span class=\"s1\">\u00a0Asimismo, K 2000 podr\u00e1 tratar los datos personales con fines de contacto profesional y para enviarle felicitaciones.<\/span><\/p>\r\n<p class=\"p2\"><span class=\"s2\"><b>Categor\u00eda de datos tratados<\/b><\/span><\/p>\r\n<p class=\"p2\"><span class=\"s1\">K 2000 con car\u00e1cter general tratar\u00e1 fundamentalmente datos identificativos y de contacto (nombre apellidos, e-mail y tel\u00e9fono) y en su caso, los relativos a la funci\u00f3n o puesto desempe\u00f1ado. No obstante, podr\u00e1 tratar aquellos otros que fueran necesarios para la ejecuci\u00f3n de la relaci\u00f3n contractual.<\/span><\/p>\r\n<p class=\"p2\"><span class=\"s2\"><b>Base legitimadora<\/b><\/span><\/p>\r\n<p class=\"p2\"><span class=\"s1\">La base jur\u00eddica que legitima este tratamiento es la ejecuci\u00f3n del contrato y el inter\u00e9s leg\u00edtimo de K 2000 para el contacto profesional.<\/span><\/p>\r\n<p class=\"p2\"><span class=\"s2\"><b>Plazos de conservaci\u00f3n<\/b><\/span><\/p>\r\n<p class=\"p2\"><span class=\"s1\">Los datos personales ser\u00e1n conservados durante la vigencia del contrato y mientras puedan derivarse responsabilidades de la ejecuci\u00f3n del contrato.<\/span><\/p>\r\n<h5 class=\"p1 h\"><span class=\"s1\"><b>6.3. Datos aportados por terceros<\/b><\/span><\/h5>\r\n<p class=\"p2\"><span class=\"s1\">Desde K 2000 solicitamos a los Usuarios que eviten comunicar a trav\u00e9s de cualquier sistema, aplicaci\u00f3n, medio o formato, datos personales de terceros. No obstante, si para la gesti\u00f3n o desarrollo de un contrato, la persona jur\u00eddica o, en su caso, el profesional con el que K 2000 mantenga una relaci\u00f3n contractual comunica a \u00e9sta los datos de una o varias personas como interlocutor en los t\u00e9rminos expuestos en la cl\u00e1usula 6.2 \u201cEjecuci\u00f3n de la relaci\u00f3n contractual con clientes, proveedores, colaboradores y cualesquiera terceros\u201d, dicha persona jur\u00eddica o profesional deber\u00e1 cumplir previamente con las obligaciones de informaci\u00f3n y obtenci\u00f3n del consentimiento o contar con otras otra base jur\u00eddica que legitime dicha comunicaci\u00f3n.<\/span><\/p>\r\n<p class=\"p2\"><span class=\"s1\">El Usuario que incumpla las anteriores disposiciones, especialmente respecto a datos de menores, podr\u00eda incurrir en responsabilidad frente a ese tercero y frente a K 2000. Para m\u00e1s informaci\u00f3n, por favor consulta las Condiciones de Uso del Sitio Web.<\/span><\/p>\r\n<h5 class=\"p1 h\"><span class=\"s1\"><b>6.4. Destinatarios de los datos<\/b><\/span><\/h5>\r\n<p class=\"p2\"><span class=\"s1\">K 2000 cuenta con distintos proveedores de servicios que podr\u00edan acceder a tus datos personales con la finalidad de cumplir sus obligaciones contractuales con K 2000. Nuestros principales proveedores de servicios son compa\u00f1\u00edas que forman parte del Grupo MEDIAPRO (puedes consultar el listado entidades que forman parte de nuestro Grupo en\u00a0<\/span><a style=\"color: #de3a20;\" href=\"https:\/\/entidades.grupmediapro.tv\/\" target=\"_blank\" rel=\"noopener\"><span class=\"s3\">https:\/\/entidades.grupmediapro.tv\/<\/span><\/a><span class=\"s1\">\u00a0y\u00a0<\/span><span class=\"s3\"><a style=\"color: #de3a20;\" href=\"https:\/\/www.mediapro.tv\" target=\"_blank\" rel=\"noopener\">www.mediapro.tv<\/a>)<\/span><span class=\"s1\">\u00a0que podr\u00e1n tratar los datos, adem\u00e1s, para la gesti\u00f3n administrativa interna del Grupo sobre la base del inter\u00e9s leg\u00edtimo.<\/span><\/p>\r\n<p class=\"p2\"><span class=\"s1\">Los datos personales de los Usuarios tambi\u00e9n podr\u00e1n ser comunicados, en virtud de una previsi\u00f3n legal, a Autoridades Tributarias, Autoridades de Control en materia de Protecci\u00f3n de Datos (p.ej.: la Agencia Espa\u00f1ola de Protecci\u00f3n de Datos) y\/o las Fuerzas y Cuerpos de Seguridad del Estado, Jueces y Tribunales si as\u00ed fuese requerido o fuera necesario.<\/span><\/p>\r\n<h5 class=\"p1 h\"><span class=\"s1\"><b>6.5. Derechos de los interesados. Revocaci\u00f3n del consentimiento. Delegado de Protecci\u00f3n de Datos<\/b><\/span><\/h5>\r\n<p class=\"p2\"><span class=\"s1\">Los Usuarios tienen los siguientes derechos en relaci\u00f3n con sus datos personales:<\/span><\/p>\r\n<div>\r\n<p class=\"p2\"><span class=\"s1\">(i)\u00a0<\/span><span class=\"s2\">derecho de acceso a los datos personales<\/span><span class=\"s1\">\u00a0o derecho a dirigirse al responsable del tratamiento para saber si est\u00e1 tratando o no sus datos personales y, en caso de que lo est\u00e9 haciendo, el derecho a obtener, entre otros datos, la siguiente informaci\u00f3n: (i) una copia de los datos personales que son objeto del tratamiento; (ii) los fines del tratamiento; (iii) las categor\u00edas de datos personales que se tratan; (iv) los destinatarios o las categor\u00edas de destinatarios a los que se comunicaron o ser\u00e1n comunicados los datos personales, \u2014en particular, los destinatarios en pa\u00edses terceros u organizaciones internacionales\u2014; el plazo previsto de conservaci\u00f3n de los datos personales, o si ello no es posible, los criterios utilizados para determinar este plazo.<\/span><\/p>\r\n<p class=\"p2\"><span class=\"s1\">(ii)\u00a0<\/span><span class=\"s2\">derecho a que se rectifiquen los datos personales del Usuario o a que se completen cuando el responsable del tratamiento los tenga inexactos o no completos<\/span><span class=\"s1\">\u00a0(para lo que el Usuario deber\u00e1 indicar a qu\u00e9 datos se refiere y la correcci\u00f3n que hay que realizar, adem\u00e1s de aportar con su petici\u00f3n la documentaci\u00f3n justificativa, cuando ello sea necesario).<\/span><\/p>\r\n<p class=\"p2\"><span class=\"s1\">(iii)\u00a0<\/span><span class=\"s2\">derecho a oponerse, en determinadas circunstancias, a que el responsable del tratamiento realice un tratamiento de los datos personales del Usuario<\/span><span class=\"s1\">, por ejemplo, cuando se traten los datos del Usuario para enviarle comunicaciones comerciales.<\/span><\/p>\r\n<p class=\"p2\"><span class=\"s1\">(iv)\u00a0<\/span><span class=\"s2\">derecho de supresi\u00f3n de los datos personales del Usuario o derecho \u201cal olvido\u201d,<\/span><span class=\"s1\">\u00a0que permite a los Usuarios pedir al responsable del tratamiento la supresi\u00f3n de sus datos personales cuando se d\u00e9 alguna de las siguientes circunstancias, entre otras: (i) los datos personales del Usuario ya no son necesarios en relaci\u00f3n con los fines para los que fueron recogidos o tratados de otro modo; (ii) el Usuario retira el consentimiento prestado para el tratamiento de datos personales y no hay otra raz\u00f3n que justifique que el responsable del tratamiento siga trat\u00e1ndolos; (iii) si los datos del Usuario se han tratado de manera il\u00edcita. En cualquier caso, los Usuarios han de saber que puede ser factible no atender una solicitud de supresi\u00f3n de datos cuando el tratamiento sea necesario para el ejercicio de la libertad de expresi\u00f3n e informaci\u00f3n, para el cumplimiento de una obligaci\u00f3n legal, para el cumplimiento de una misi\u00f3n realizada en inter\u00e9s p\u00fablico o en el ejercicio de poderes p\u00fablicos conferidos al responsable del tratamiento, por razones de inter\u00e9s p\u00fablico, en el \u00e1mbito de la salud p\u00fablica, con fines de archivo de inter\u00e9s p\u00fablico o para la formulaci\u00f3n, el ejercicio o la defensa de reclamaciones.<\/span><\/p>\r\n<p class=\"p2\"><span class=\"s1\">(v)\u00a0<\/span><span class=\"s2\">derecho a la limitaci\u00f3n del tratamiento de los datos personales del Usuario, que permite al Usuario pedir al responsable del tratamiento<\/span><span class=\"s1\">:<\/span><\/p>\r\n<p class=\"p3\"><span class=\"s1\">(a) la suspensi\u00f3n del tratamiento de sus datos personales \u2014cuando el Usuario impugne su exactitud o en casos en los que se haya opuesto al tratamiento, en determinadas condiciones\u2014; o<\/span><\/p>\r\n<p class=\"p3\"><span class=\"s1\">(b) la conservaci\u00f3n de los datos durante un per\u00edodo determinado \u2014cuando el tratamiento sea il\u00edcito y el Usuario se opone a la supresi\u00f3n, pero pide la limitaci\u00f3n del tratamiento, o cuando el responsable ya no necesite esos datos para los fines del tratamiento, pero el Usuario s\u00ed, para plantear reclamaciones o defenderse\u2014.<\/span><\/p>\r\n<p class=\"p2\"><span class=\"s1\">(vi)\u00a0<\/span><span class=\"s2\">derecho a la portabilidad de los datos personales del Usuario<\/span><span class=\"s1\">, que faculta al Usuario para que, cuando el tratamiento sea por medios automatizados, (i) el Usuario reciba los datos personales que haya facilitado al responsable del tratamiento, en un formato estructurado, de uso com\u00fan, de lectura mec\u00e1nica e interoperable, y (ii) el Usuario pueda transmitir esos datos a otro responsable del tratamiento, siempre que la justificaci\u00f3n del tratamiento sea el consentimiento del Usuario o la ejecuci\u00f3n de un contrato (como las presentes Condiciones de Uso).<\/span><\/p>\r\n<p class=\"p2\"><span class=\"s1\">(vii)\u00a0<\/span><span class=\"s2\">derecho del Usuario a no ser objeto de decisiones individuales automatizadas basadas \u00fanicamente en el tratamiento de sus datos personales<\/span><span class=\"s1\">, lo que supone que el Usuario est\u00e9 facultado para exigir no ser objeto de una decisi\u00f3n basada \u00fanicamente en el tratamiento de sus datos personales, incluida la elaboraci\u00f3n de perfiles, que produzca efectos jur\u00eddicos sobre el Usuario o le afecte significativamente de forma similar. Este derecho no es aplicable cuando sea necesario adoptar tales decisiones para celebrar o cumplir un contrato entre el Usuario y el responsable, ni cuando el tratamiento de los datos se fundamente en el consentimiento previo del Usuario.<\/span><\/p>\r\n<p class=\"p2\"><span class=\"s1\">(viii)\u00a0<\/span><span class=\"s2\">Derecho a revocar el consentimiento<\/span><span class=\"s1\">. Cuando la base jur\u00eddica que legitima el tratamiento es el consentimiento, la persona interesada tiene derecho a retirarlo o revocarlo en cualquier momento. La retirada o revocaci\u00f3n del consentimiento no tiene efectos retroactivos. Por lo tanto, no afecta a la licitud del tratamiento fundamentada en el consentimiento previo a la retirada.<\/span><\/p>\r\n<\/div>\r\n<p class=\"p2\"><span class=\"s1\">Para ejercer dichos derechos, as\u00ed como para contactar con el Delegado de Protecci\u00f3n de Datos de K 2000 para cualquier consulta que puedas tener sobre esta Pol\u00edtica de Privacidad o sobre como K 2000 trata tus datos personales, puedes dirigirte a \u00e9sta a trav\u00e9s de los siguientes medios:<\/span><\/p>\r\n<div>\r\n<p class=\"p3\"><span class=\"s1\">(a) Por correo postal: K 2000, Avenida Diagonal 177-183, 12\u00aa Planta, 08018, Barcelona.<\/span><\/p>\r\n<p class=\"p3\"><span class=\"s1\">(b) Por correo electr\u00f3nico: <a style=\"color: #de3a20;\" href=\"mailto:lopd@k2000.com\" target=\"_blank\" rel=\"noopener noreferrer\" data-auth=\"NotApplicable\" data-linkindex=\"0\">lopd@k2000.com<\/a>\u00a0(esta direcci\u00f3n de correo electr\u00f3nico est\u00e1 \u00fanicamente destinada a cuestiones relacionadas con la protecci\u00f3n de datos por lo que no se atender\u00e1 cualquier otra cuesti\u00f3n o consulta no relacionada).<\/span><\/p>\r\n<\/div>\r\n<p class=\"p2\"><span class=\"s1\">En ambos casos, te rogamos que indiques como referencia la siguiente: \u201cRef. Protecci\u00f3n de Datos \u2013 K 2000\u201d.<\/span><\/p>\r\n<p class=\"p2\"><span class=\"s1\">Sin perjuicio de lo anterior, K 2000 podr\u00e1 denegar aquellas solicitudes de derechos que sean infundadas o excesivas.<\/span><\/p>\r\n<p class=\"p2\"><span class=\"s1\">Adicionalmente a lo anterior, tienes derecho a presentar una reclamaci\u00f3n ante la Agencia Espa\u00f1ola de Protecci\u00f3n de Datos (<\/span><a style=\"color: #de3a20;\" href=\"https:\/\/www.aepd.es\" target=\"_blank\" rel=\"noopener\"><span class=\"s3\">www.aepd.es<\/span><\/a><span class=\"s1\">) si consideras que tus derechos no han sido atendidos correctamente o se ha incumplido la normativa aplicable en el tratamiento de tus datos personales.<\/span><\/p>\r\n<a name=\"cookies\"><\/a><br \/><br \/>\r\n<h3 class=\"p2\"><span class=\"s1\"><b>7. Pol\u00edtica de Cookies <\/b><\/span><\/h3>\r\n<p class=\"p1\"><span class=\"s1\">Esta Pol\u00edtica de Cookies es parte integrante de los textos legales de <a style=\"color: #de3a20;\" href=\"https:\/\/www.k2000.com\/eu\/\"><span class=\"s2\">https:\/\/www.k2000.com<\/span><\/a> (en adelante, el \u201c<b>Sitio Web<\/b>\u201d). El acceso y la navegaci\u00f3n en el Sitio Web, o el uso de los servicios de esta, implican la aceptaci\u00f3n de los textos legales de la misma.<\/span><\/p>\r\n<p class=\"p1\"><span class=\"s1\">Con el fin de facilitar tu navegaci\u00f3n por el Sitio Web, la sociedad K 2000, S.A.U., (en adelante, \u201c<b>K 2000<\/b>\u201d), sociedad con domicilio social en Barrio De Errekalde, S\/N, Galdakao, 48960, Bizkaia y provista de NIF A48175681, te comunica que utiliza Cookies u otros archivos de funcionalidad similar como pixels, tags o identificadores en l\u00ednea (en adelante, las \u201c<b>Cookies<\/b>\u201d). <\/span><\/p>\r\n<p class=\"p1\"><span class=\"s1\">En todo caso, te informamos de que el prestador es el responsable de las Cookies y del tratamiento de los datos obtenidos a trav\u00e9s de las Cookies propias y de terceros decidiendo sobre la finalidad, contenido y uso del tratamiento de la informaci\u00f3n recabada.<\/span><\/p>\r\n<h5 class=\"p2\"><span class=\"s1\"><b>7.1. Definici\u00f3n y funciones de las Cookies<\/b><\/span><\/h5>\r\n<p class=\"p1\"><span class=\"s1\">Las Cookies son peque\u00f1os archivos de texto que almacenan en el dispositivo del Usuario cuando visita sitios web. Pueden servir, por ejemplo, para reconocerte como usuario, obtener informaci\u00f3n sobre tus h\u00e1bitos de navegaci\u00f3n o personalizar la forma en que se muestra el contenido.<\/span><\/p>\r\n<p class=\"p3\"><span class=\"s1\">Los usos concretos que hacemos de estas tecnolog\u00edas se describen a continuaci\u00f3n.<\/span><\/p>\r\n<h5 class=\"p2\"><span class=\"s1\"><b>7.2. Informaci\u00f3n sobre el tipo de Cookies que usamos y su finalidad<\/b><\/span><\/h5>\r\n<p class=\"p1\"><span class=\"s1\">El Sitio Web utiliza las siguientes Cookies:<\/span><\/p>\r\n<p class=\"p1\"><span class=\"s3\"><b>Cookies t\u00e9cnicas<\/b><\/span><span class=\"s1\">: Son aquellas que permiten al Usuario la navegaci\u00f3n a trav\u00e9s del Sitio Web y la utilizaci\u00f3n de las diferentes opciones o servicios que en el existan. Estas Cookies permiten estabilizar la carga del Sitio Web, permitir la carga de informaci\u00f3n del Sitio Web, ajustarla al dispositivo en el que se est\u00e9 visualizando, as\u00ed como permitir diferentes funcionalidades de la misma. Estas Cookies son necesarias para el funcionamiento del Sitio Web y por tanto no podr\u00e1n ser desactivadas.<\/span><\/p>\r\n<p class=\"p1\"><span class=\"s3\"><b>Cookies anal\u00edticas<\/b><\/span><span class=\"s1\"><b>:<\/b> Son aquellas que permiten cuantificar el n\u00famero de Usuarios y as\u00ed realizar la medici\u00f3n y el an\u00e1lisis estad\u00edstico de la utilizaci\u00f3n que hacen los Usuarios del servicio ofertado. Para ello se analiza su navegaci\u00f3n en nuestro Sitio Web con el fin de mejorar la oferta de productos o servicios que le ofrecemos. Estas Cookies estar\u00e1n por defecto desactivadas.<\/span><\/p>\r\n<p class=\"p1\"><span class=\"s1\">+ Conoce a los terceros:<\/span><\/p>\r\n<table class=\"t1\" cellspacing=\"0\" cellpadding=\"0\">\r\n<tbody>\r\n<tr>\r\n<td class=\"td1\" valign=\"top\">\r\n<p class=\"p1\"><span class=\"s1\">Proveedores e informaci\u00f3n de Cookies anal\u00edticas<\/span><\/p>\r\n<\/td>\r\n<td class=\"td2\" valign=\"top\">\r\n<p class=\"p1\"><span class=\"s1\">Finalidad<\/span><\/p>\r\n<\/td>\r\n<td class=\"td3\" valign=\"top\">\r\n<p class=\"p1\"><span class=\"s1\">Duraci\u00f3n<\/span><\/p>\r\n<\/td>\r\n<\/tr>\r\n<tr>\r\n<td class=\"td4\" valign=\"top\">\r\n<p class=\"p1\"><span class=\"s1\"><a style=\"color: #de3a20;\" href=\"https:\/\/policies.google.com\/privacy?hl=es\">Google Analytics<\/a><\/span><\/p>\r\n<\/td>\r\n<td class=\"td5\" valign=\"top\">\r\n<p class=\"p1\"><span class=\"s1\">Google Analytics es una herramienta de anal\u00edtica web que utiliza la informaci\u00f3n de las Cookies para analizar el n\u00famero de visitantes y de visitas en nuestro Sitio Web, la duraci\u00f3n media de la visita, la media de p\u00e1ginas vistas por cada Usuario, informes geogr\u00e1ficos, sociodemogr\u00e1ficos (en funci\u00f3n del idioma, ubicaci\u00f3n, proveedor de Internet, dispositivo m\u00f3vil\u2026).<\/span><\/p>\r\n<\/td>\r\n<td class=\"td6\" valign=\"top\">\r\n<p class=\"p1\"><span class=\"s1\">2 a\u00f1os<\/span><\/p>\r\n<\/td>\r\n<\/tr>\r\n<\/tbody>\r\n<\/table>\r\n<h5 class=\"p2\"><span class=\"s1\"><b>7.3. Configuraci\u00f3n de las Cookies que se usan en el Sitio Web<\/b><\/span><\/h5>\r\n<p class=\"p1\"><span class=\"s1\">Puedes configurar las Cookies que no sean estrictamente necesarias para la navegaci\u00f3n a trav\u00e9s del panel de configuraci\u00f3n, accediendo al enlace \u00c1rea de Privacidad que encontrar\u00e1s al pie de todas las p\u00e1ginas. Ten en cuenta que, si rechazas el uso de Cookies, alguno de los servicios del Sitio Web puede verse afectado.<\/span><\/p>\r\n<h5 class=\"p2\"><span class=\"s1\"><b>7.4. \u00bfQu\u00e9 hacer para evitar la instalaci\u00f3n de las Cookies?<\/b><\/span><\/h5>\r\n<p class=\"p1\"><span class=\"s1\">El navegador puede configurarse para rechazar autom\u00e1ticamente las Cookies. En estos enlaces, aparece la informaci\u00f3n necesaria para llevar a cabo dicha configuraci\u00f3n:<\/span><\/p>\r\n<ul class=\"ul1\">\r\n<li style=\"list-style-type: none;\">\r\n<ul class=\"ul1\">\r\n<li class=\"li1\"><a style=\"color: #de3a20;\" href=\"https:\/\/support.mozilla.org\/es\/kb\/habilitar-y-deshabilitar-cookies-sitios-web-rastrear-preferencias?redirectlocale=es&amp;redirectslug=habilitar-y-deshabilitar-cookies-que-los-sitios-web\" target=\"_blank\" rel=\"noopener\"><span class=\"s1\">Firefox<\/span><\/a><\/li>\r\n<li class=\"li1\"><a style=\"color: #de3a20;\" href=\"https:\/\/support.google.com\/accounts\/answer\/61416?hl=es\" target=\"_blank\" rel=\"noopener\"><span class=\"s1\">Google Chrome<\/span><\/a><\/li>\r\n<li class=\"li1\"><a style=\"color: #de3a20;\" href=\"https:\/\/support.microsoft.com\/es-es\/help\/17442\/windows-internet-explorer-delete-manage-cookies\" target=\"_blank\" rel=\"noopener\"><span class=\"s1\">Internet Explorer<\/span><\/a><\/li>\r\n<li class=\"li1\"><a style=\"color: #de3a20;\" href=\"https:\/\/support.apple.com\/es-es\/guide\/safari\/sfri11471\/mac\" target=\"_blank\" rel=\"noopener\"><span class=\"s1\">Safari<\/span><\/a><\/li>\r\n<\/ul>\r\n<\/li>\r\n<\/ul>\r\n<h5 class=\"p2\"><span class=\"s1\"><b>7.5. Transferencias internacionales<\/b><\/span><\/h5>\r\n<p class=\"p1\"><span class=\"s1\">Puedes informarte de las transferencias a terceros pa\u00edses que, en su caso, realizan los terceros identificados en esta Pol\u00edtica de Cookies en sus correspondientes pol\u00edticas (ver los enlaces facilitados en el apartado \u201cConoce a los terceros\u201d).<\/span><\/p>\r\n<h5 class=\"p2\"><span class=\"s1\"><b>7.6. Configuraci\u00f3n de Cookies en otras plataformas.<\/b><\/span><\/h5>\r\n<p class=\"p4\"><span class=\"s1\">Al igual que sucede en los navegadores de ordenadores, lo navegadores de los dispositivos m\u00f3viles permiten realizar cambios en las opciones o ajustes de privacidad para desactivar o eliminar las Cookies.<\/span><\/p>\r\n<p class=\"p4\"><span class=\"s1\">Si deseas modificar las opciones de privacidad sigue las instrucciones especificadas por el desarrollador de tu navegador para dispositivo m\u00f3vil.<\/span><\/p>\r\n<p class=\"p4\"><span class=\"s1\">A continuaci\u00f3n, podr\u00e1s encontrar algunos ejemplos de los links que te guiar\u00e1n para modificar las <a href=\"https:\/\/support.apple.com\/es_ES\/downloads\/safari\" target=\"_blank\" rel=\"noopener\">opciones de privacidad en tu dispositivo m\u00f3vil:<\/a><\/span><\/p>\r\n<ul>\r\n<li class=\"p4\"><span class=\"s1\"><a style=\"color: #de3a20;\" href=\"https:\/\/support.google.com\/accounts\/answer\/61416?hl=es&amp;co=GENIE.Platform%3DiOS\" target=\"_blank\" rel=\"noopener\">Safari para IOS<\/a><\/span><\/li>\r\n<li class=\"p4\"><a style=\"color: #de3a20;\" href=\"https:\/\/support.google.com\/accounts\/answer\/32050?co=GENIE.Platform%3DAndroid&amp;hl=es&amp;oco=0\" target=\"_blank\" rel=\"noopener\"><span class=\"s1\">Chrome para Android<\/span><\/a><\/li>\r\n<\/ul>\r\n<h3 class=\"p5\"><span class=\"s1\"><b><br \/>8. Modificaciones en las Condiciones de Uso<\/b><\/span><\/h3>\r\n<p class=\"p1\"><span class=\"s1\">El Prestador se reserva el derecho de efectuar, sin previo aviso, las modificaciones que considere oportunas en las presentes Condiciones de Uso y en el Sitio Web, pudiendo cambiar, suprimir o a\u00f1adir tanto los Contenidos y Servicios que presta, como la forma en la que estos aparezcan presentados o localizados.<\/span><\/p>\r\n<p class=\"p1\"><span class=\"s1\">El Prestador podr\u00e1 dar por terminada, suspender o interrumpir unilateralmente, en cualquier momento, sin necesidad de preaviso, la prestaci\u00f3n del servicio del Sitio Web y\/o de cualquiera de los Servicios, as\u00ed como el acceso a los Contenidos del Sitio Web, sin que el Usuario pueda reclamar al Prestador indemnizaci\u00f3n alguna por tales actuaciones. Por tanto, el Usuario acepta expresamente que existe esta facultad del Prestador y, a efectos aclaratorios, renuncia expresamente a cualesquiera acciones de reclamaci\u00f3n de da\u00f1os y perjuicios que pudiera interponer contra el Prestador por motivo de las actuaciones relacionadas en este apartado.<\/span><\/p>\r\n<p class=\"p6\"><span class=\"s1\">El no ejercicio o ejecuci\u00f3n por parte del Prestador de cualquier derecho o disposici\u00f3n contenido en las presentes Condiciones de Uso no constituir\u00e1 una renuncia al mismo, salvo reconocimiento expreso y acuerdo por escrito por su parte.<\/span><\/p>\r\n<h3>\u00a0<\/h3>\r\n<h3 class=\"p7\"><span class=\"s1\"><b>9. Legislaci\u00f3n aplicable y fuero<\/b><\/span><\/h3>\r\n<p class=\"p2\"><span class=\"s1\">Las Condiciones de Uso se rigen por la ley espa\u00f1ola. El Usuario y el Prestador acuerdan someterse a la jurisdicci\u00f3n de los tribunales de la ciudad de Bilbao, con renuncia expresa de cualquier otro fuero que pudiera corresponderles, para la resoluci\u00f3n de cualesquiera cuestiones relacionadas con estas Condiciones de Uso, salvo que una ley imperativa disponga otra cosa.<\/span><\/p>\r\n<\/div>\r\n","protected":false},"excerpt":{"rendered":"<p>1. Webgune honen enpresa titularraren datuak eta derrigorrezko erabilera baldintzak https:\/\/www.k2000.com helbidean eskura dagoen webgunearen eta bere edozein azpi-webguneren (aurrerantzean, \u00abWebgunea\u00bb) sarbidea, nabigazioa eta erabilera arautzen duten derrigorrezko erabilera baldintzak eta ohar legala jaso dira testu honetan. Webgunea K2000 SAU (aurrerantzean \u00abZerbitzu-emailea\u00bb) merkatu-enpresaren titulartasunpekoa da. Enpresaren helbidea Errekalde auzoa z.\/g., 48960 Galdakao, Bizkaia da eta &hellip; <a href=\"https:\/\/www.k2000.com\/eu\/erabilera\/\" class=\"more-link\"><\/a><\/p>\n","protected":false},"author":3,"featured_media":0,"parent":0,"menu_order":0,"comment_status":"closed","ping_status":"closed","template":"","meta":{"footnotes":""},"class_list":["post-3693","page","type-page","status-publish","hentry"],"yoast_head":"<!-- This site is optimized with the Yoast SEO plugin v27.5 - https:\/\/yoast.com\/product\/yoast-seo-wordpress\/ -->\n<title>Erabilera baldintzak &#187; K 2000, s.a.u. - Servicios audiovisuales y creaci\u00f3n de contenidos<\/title>\n<meta name=\"description\" content=\"Servicios audiovisuales y creaci\u00f3n de contenidos. Forma parte del grupo Mediapro y cuenta con un centro de producci\u00f3n ubicado en Galdakao (Bizkaia) donde dispone de los medios necesarios para abarcar la totalidad de los procesos de producci\u00f3n audiovisual.\" \/>\n<meta name=\"robots\" content=\"index, follow, max-snippet:-1, max-image-preview:large, max-video-preview:-1\" \/>\n<link rel=\"canonical\" href=\"https:\/\/www.k2000.com\/eu\/erabilera\/\" \/>\n<meta property=\"og:locale\" content=\"eu_ES\" \/>\n<meta property=\"og:type\" content=\"article\" \/>\n<meta property=\"og:title\" content=\"Erabilera baldintzak &#187; K 2000, s.a.u. - Servicios audiovisuales y creaci\u00f3n de contenidos\" \/>\n<meta property=\"og:description\" content=\"Servicios audiovisuales y creaci\u00f3n de contenidos. Forma parte del grupo Mediapro y cuenta con un centro de producci\u00f3n ubicado en Galdakao (Bizkaia) donde dispone de los medios necesarios para abarcar la totalidad de los procesos de producci\u00f3n audiovisual.\" \/>\n<meta property=\"og:url\" content=\"https:\/\/www.k2000.com\/eu\/erabilera\/\" \/>\n<meta property=\"og:site_name\" content=\"K 2000, s.a.u. - Servicios audiovisuales y creaci\u00f3n de contenidos\" \/>\n<meta property=\"article:modified_time\" content=\"2022-06-19T15:01:34+00:00\" \/>\n<meta name=\"twitter:card\" content=\"summary_large_image\" \/>\n<meta name=\"twitter:label1\" content=\"Est. reading time\" \/>\n\t<meta name=\"twitter:data1\" content=\"32 minutes\" \/>\n<script type=\"application\/ld+json\" class=\"yoast-schema-graph\">{\"@context\":\"https:\\\/\\\/schema.org\",\"@graph\":[{\"@type\":\"WebPage\",\"@id\":\"https:\\\/\\\/www.k2000.com\\\/eu\\\/erabilera\\\/\",\"url\":\"https:\\\/\\\/www.k2000.com\\\/eu\\\/erabilera\\\/\",\"name\":\"Erabilera baldintzak &#187; K 2000, s.a.u. - Servicios audiovisuales y creaci\u00f3n de contenidos\",\"isPartOf\":{\"@id\":\"https:\\\/\\\/www.k2000.com\\\/#website\"},\"datePublished\":\"2019-03-24T12:49:00+00:00\",\"dateModified\":\"2022-06-19T15:01:34+00:00\",\"description\":\"Servicios audiovisuales y creaci\u00f3n de contenidos. Forma parte del grupo Mediapro y cuenta con un centro de producci\u00f3n ubicado en Galdakao (Bizkaia) donde dispone de los medios necesarios para abarcar la totalidad de los procesos de producci\u00f3n audiovisual.\",\"breadcrumb\":{\"@id\":\"https:\\\/\\\/www.k2000.com\\\/eu\\\/erabilera\\\/#breadcrumb\"},\"inLanguage\":\"eu-ES\",\"potentialAction\":[{\"@type\":\"ReadAction\",\"target\":[\"https:\\\/\\\/www.k2000.com\\\/eu\\\/erabilera\\\/\"]}]},{\"@type\":\"BreadcrumbList\",\"@id\":\"https:\\\/\\\/www.k2000.com\\\/eu\\\/erabilera\\\/#breadcrumb\",\"itemListElement\":[{\"@type\":\"ListItem\",\"position\":1,\"name\":\"Portada\",\"item\":\"https:\\\/\\\/www.k2000.com\\\/eu\\\/\"},{\"@type\":\"ListItem\",\"position\":2,\"name\":\"Erabilera baldintzak\"}]},{\"@type\":\"WebSite\",\"@id\":\"https:\\\/\\\/www.k2000.com\\\/#website\",\"url\":\"https:\\\/\\\/www.k2000.com\\\/\",\"name\":\"K 2000, s.a.u. - Servicios audiovisuales y creaci\u00f3n de contenidos\",\"description\":\"K 2000 s.a.u. es una empresa perteneciente al grupo MEDIAPRO que cuenta con un centro de producci\u00f3n ubicado en Galdakao (Bizkaia) donde dispone de los medios necesarios para abarcar la totalidad de los procesos de producci\u00f3n audiovisual y creaci\u00f3n de contenidos, tanto en video y\\\/o cine.\",\"potentialAction\":[{\"@type\":\"SearchAction\",\"target\":{\"@type\":\"EntryPoint\",\"urlTemplate\":\"https:\\\/\\\/www.k2000.com\\\/?s={search_term_string}\"},\"query-input\":{\"@type\":\"PropertyValueSpecification\",\"valueRequired\":true,\"valueName\":\"search_term_string\"}}],\"inLanguage\":\"eu-ES\"}]}<\/script>\n<!-- \/ Yoast SEO plugin. -->","yoast_head_json":{"title":"Erabilera baldintzak &#187; K 2000, s.a.u. - Servicios audiovisuales y creaci\u00f3n de contenidos","description":"Servicios audiovisuales y creaci\u00f3n de contenidos. Forma parte del grupo Mediapro y cuenta con un centro de producci\u00f3n ubicado en Galdakao (Bizkaia) donde dispone de los medios necesarios para abarcar la totalidad de los procesos de producci\u00f3n audiovisual.","robots":{"index":"index","follow":"follow","max-snippet":"max-snippet:-1","max-image-preview":"max-image-preview:large","max-video-preview":"max-video-preview:-1"},"canonical":"https:\/\/www.k2000.com\/eu\/erabilera\/","og_locale":"eu_ES","og_type":"article","og_title":"Erabilera baldintzak &#187; K 2000, s.a.u. - Servicios audiovisuales y creaci\u00f3n de contenidos","og_description":"Servicios audiovisuales y creaci\u00f3n de contenidos. Forma parte del grupo Mediapro y cuenta con un centro de producci\u00f3n ubicado en Galdakao (Bizkaia) donde dispone de los medios necesarios para abarcar la totalidad de los procesos de producci\u00f3n audiovisual.","og_url":"https:\/\/www.k2000.com\/eu\/erabilera\/","og_site_name":"K 2000, s.a.u. - Servicios audiovisuales y creaci\u00f3n de contenidos","article_modified_time":"2022-06-19T15:01:34+00:00","twitter_card":"summary_large_image","twitter_misc":{"Est. reading time":"32 minutes"},"schema":{"@context":"https:\/\/schema.org","@graph":[{"@type":"WebPage","@id":"https:\/\/www.k2000.com\/eu\/erabilera\/","url":"https:\/\/www.k2000.com\/eu\/erabilera\/","name":"Erabilera baldintzak &#187; K 2000, s.a.u. - Servicios audiovisuales y creaci\u00f3n de contenidos","isPartOf":{"@id":"https:\/\/www.k2000.com\/#website"},"datePublished":"2019-03-24T12:49:00+00:00","dateModified":"2022-06-19T15:01:34+00:00","description":"Servicios audiovisuales y creaci\u00f3n de contenidos. Forma parte del grupo Mediapro y cuenta con un centro de producci\u00f3n ubicado en Galdakao (Bizkaia) donde dispone de los medios necesarios para abarcar la totalidad de los procesos de producci\u00f3n audiovisual.","breadcrumb":{"@id":"https:\/\/www.k2000.com\/eu\/erabilera\/#breadcrumb"},"inLanguage":"eu-ES","potentialAction":[{"@type":"ReadAction","target":["https:\/\/www.k2000.com\/eu\/erabilera\/"]}]},{"@type":"BreadcrumbList","@id":"https:\/\/www.k2000.com\/eu\/erabilera\/#breadcrumb","itemListElement":[{"@type":"ListItem","position":1,"name":"Portada","item":"https:\/\/www.k2000.com\/eu\/"},{"@type":"ListItem","position":2,"name":"Erabilera baldintzak"}]},{"@type":"WebSite","@id":"https:\/\/www.k2000.com\/#website","url":"https:\/\/www.k2000.com\/","name":"K 2000, s.a.u. - Servicios audiovisuales y creaci\u00f3n de contenidos","description":"K 2000 s.a.u. es una empresa perteneciente al grupo MEDIAPRO que cuenta con un centro de producci\u00f3n ubicado en Galdakao (Bizkaia) donde dispone de los medios necesarios para abarcar la totalidad de los procesos de producci\u00f3n audiovisual y creaci\u00f3n de contenidos, tanto en video y\/o cine.","potentialAction":[{"@type":"SearchAction","target":{"@type":"EntryPoint","urlTemplate":"https:\/\/www.k2000.com\/?s={search_term_string}"},"query-input":{"@type":"PropertyValueSpecification","valueRequired":true,"valueName":"search_term_string"}}],"inLanguage":"eu-ES"}]}},"_links":{"self":[{"href":"https:\/\/www.k2000.com\/eu\/wp-json\/wp\/v2\/pages\/3693","targetHints":{"allow":["GET"]}}],"collection":[{"href":"https:\/\/www.k2000.com\/eu\/wp-json\/wp\/v2\/pages"}],"about":[{"href":"https:\/\/www.k2000.com\/eu\/wp-json\/wp\/v2\/types\/page"}],"author":[{"embeddable":true,"href":"https:\/\/www.k2000.com\/eu\/wp-json\/wp\/v2\/users\/3"}],"replies":[{"embeddable":true,"href":"https:\/\/www.k2000.com\/eu\/wp-json\/wp\/v2\/comments?post=3693"}],"version-history":[{"count":0,"href":"https:\/\/www.k2000.com\/eu\/wp-json\/wp\/v2\/pages\/3693\/revisions"}],"wp:attachment":[{"href":"https:\/\/www.k2000.com\/eu\/wp-json\/wp\/v2\/media?parent=3693"}],"curies":[{"name":"wp","href":"https:\/\/api.w.org\/{rel}","templated":true}]}}